{"id":39936,"date":"2023-01-20T12:54:00","date_gmt":"2023-01-20T11:54:00","guid":{"rendered":"https:\/\/www.naturgy.com\/our-history\/"},"modified":"2024-03-27T07:52:13","modified_gmt":"2024-03-27T06:52:13","slug":"la-nostra-historia","status":"publish","type":"page","link":"https:\/\/www.naturgy.com\/ca\/coneix-nos-naturgy\/el-grup\/la-nostra-historia\/","title":{"rendered":"La nostra hist\u00f2ria"},"content":{"rendered":"\t\t<div data-elementor-type=\"wp-page\" data-elementor-id=\"39936\" class=\"elementor elementor-39936 elementor-12254\" data-elementor-post-type=\"page\">\n\t\t\t\t<div class=\"elementor-element elementor-element-3f80de3b e-flex e-con-boxed e-con e-parent\" data-id=\"3f80de3b\" data-element_type=\"container\">\n\t\t\t\t\t<div class=\"e-con-inner\">\n\t\t<div class=\"elementor-element elementor-element-43c3d84e e-con-full e-flex e-con e-child\" data-id=\"43c3d84e\" data-element_type=\"container\">\n\t\t\t\t<div class=\"elementor-element elementor-element-239ae7ef elementor-widget elementor-widget-shortcode\" data-id=\"239ae7ef\" data-element_type=\"widget\" data-widget_type=\"shortcode.default\">\n\t\t\t\t<div class=\"elementor-widget-container\">\n\t\t\t\t\t\t\t<div class=\"elementor-shortcode\"><nav aria-label=\"breadcrumbs\" class=\"rank-math-breadcrumb\"><p><span class=\"last\">Inici<\/span><\/p><\/nav><\/div>\n\t\t\t\t\t\t<\/div>\n\t\t\t\t<\/div>\n\t\t\t\t<div class=\"elementor-element elementor-element-3326faa2 elementor-widget elementor-widget-heading\" data-id=\"3326faa2\" data-element_type=\"widget\" data-widget_type=\"heading.default\">\n\t\t\t\t<div class=\"elementor-widget-container\">\n\t\t\t\t\t<h1 class=\"elementor-heading-title elementor-size-default\">La nostra hist\u00f2ria<\/h1>\t\t\t\t<\/div>\n\t\t\t\t<\/div>\n\t\t\t\t<\/div>\n\t\t<div class=\"elementor-element elementor-element-77e16418 e-con-full e-flex e-con e-child\" data-id=\"77e16418\" data-element_type=\"container\">\n\t\t\t\t<div class=\"elementor-element elementor-element-1cd05948 elementor-widget elementor-widget-spacer\" data-id=\"1cd05948\" data-element_type=\"widget\" data-widget_type=\"spacer.default\">\n\t\t\t\t<div class=\"elementor-widget-container\">\n\t\t\t\t\t\t\t<div class=\"elementor-spacer\">\n\t\t\t<div class=\"elementor-spacer-inner\"><\/div>\n\t\t<\/div>\n\t\t\t\t\t\t<\/div>\n\t\t\t\t<\/div>\n\t\t\t\t<\/div>\n\t\t\t\t\t<\/div>\n\t\t\t\t<\/div>\n\t\t<div class=\"elementor-element elementor-element-7d13d93 e-con-full e-flex e-con e-parent\" data-id=\"7d13d93\" data-element_type=\"container\">\n\t\t\t\t<div class=\"elementor-element elementor-element-87703e1 elementor-widget elementor-widget-slider_revolution\" data-id=\"87703e1\" data-element_type=\"widget\" data-widget_type=\"slider_revolution.default\">\n\t\t\t\t<div class=\"elementor-widget-container\">\n\t\t\t\t\t\n\t\t<div class=\"wp-block-themepunch-revslider\">\n\t\t\t<!-- START Video Nuestra Historia REVOLUTION SLIDER 6.7.18 --><p class=\"rs-p-wp-fix\"><\/p>\n\t\t\t<rs-module-wrap id=\"rev_slider_21_1_wrapper\" data-source=\"gallery\" style=\"visibility:hidden;background:transparent;padding:0;margin:0px auto;margin-top:0;margin-bottom:0;\">\n\t\t\t\t<rs-module id=\"rev_slider_21_1\" style=\"\" data-version=\"6.7.18\">\n\t\t\t\t\t<rs-slides style=\"overflow: hidden; position: absolute;\">\n\t\t\t\t\t\t<rs-slide style=\"position: absolute;\" data-key=\"rs-112\" data-title=\"Slide\" data-in=\"o:0;\" data-out=\"a:false;\">\n\t\t\t\t\t\t\t<img decoding=\"async\" src=\"\/\/www.naturgy.com\/\/app\/plugins\/revslider\/sr6\/assets\/assets\/dummy.png\" alt=\"Slide\" title=\"La nostra hist\u00f2ria\" class=\"rev-slidebg tp-rs-img rs-lazyload\" data-lazyload=\"\/\/www.naturgy.com\/\/app\/plugins\/revslider\/sr6\/assets\/assets\/transparent.png\" data-bg=\"c:#ffffff;\" data-no-retina>\n<!--\n\t\t\t\t\t\t\t--><rs-layer\n\t\t\t\t\t\t\t\tid=\"slider-21-slide-112-layer-0\" \n\t\t\t\t\t\t\t\tclass=\"rs-layer-video intrinsic-ignore\"\n\t\t\t\t\t\t\t\tdata-type=\"video\"\n\t\t\t\t\t\t\t\tdata-rsp_ch=\"on\"\n\t\t\t\t\t\t\t\tdata-xy=\"x:c;y:m;\"\n\t\t\t\t\t\t\t\tdata-text=\"w:normal;s:20,17,12,6;l:0,21,16,8;\"\n\t\t\t\t\t\t\t\tdata-dim=\"w:1140px,900px,660px,90%;h:641px,506px,371px,auto;\"\n\t\t\t\t\t\t\t\tdata-video=\"twa:false;vd:100;l:false;ptimer:false;nse:f;afs:f;vc:false;\"\n\t\t\t\t\t\t\t\tdata-vimeoid=\"878643333\"\n\t\t\t\t\t\t\t\tdata-vatr=\"background=1&amp;title=0&amp;byline=0&amp;portrait=0&amp;api=1\"\n\t\t\t\t\t\t\t\tdata-frame_999=\"o:0;st:w;\"\n\t\t\t\t\t\t\t\tstyle=\"z-index:8;\"\n\t\t\t\t\t\t\t>\n\t\t\t\t\t\t\t<\/rs-layer><!--\n\n\t\t\t\t\t\t\t--><rs-layer\n\t\t\t\t\t\t\t\tid=\"slider-21-slide-112-layer-1\" \n\t\t\t\t\t\t\t\tdata-type=\"image\"\n\t\t\t\t\t\t\t\tdata-rsp_ch=\"on\"\n\t\t\t\t\t\t\t\tdata-xy=\"x:c;xo:0,0,0,-95px;y:m,m,b,b;yo:0,20px,0,0;\"\n\t\t\t\t\t\t\t\tdata-text=\"w:normal;s:20,17,12,6;l:0,21,16,8;\"\n\t\t\t\t\t\t\t\tdata-dim=\"w:2061px,1644px,1146px,721px;h:743px,593px,413px,260px;\"\n\t\t\t\t\t\t\t\tdata-frame_999=\"o:0;st:w;\"\n\t\t\t\t\t\t\t\tstyle=\"z-index:7;\"\n\t\t\t\t\t\t\t><img fetchpriority=\"high\" decoding=\"async\" src=\"\/\/www.naturgy.com\/\/app\/plugins\/revslider\/sr6\/assets\/assets\/dummy.png\" alt=\"\" class=\"tp-rs-img rs-lazyload\" width=\"2147\" height=\"774\" data-lazyload=\"\/\/stproportalcorporativo.blob.core.windows.net\/uploads\/2024\/03\/fondo_nuestra-historia-1.png\" data-no-retina> \n\t\t\t\t\t\t\t<\/rs-layer><!--\n\n\t\t\t\t\t\t\t--><rs-layer\n\t\t\t\t\t\t\t\tid=\"slider-21-slide-112-layer-3\" \n\t\t\t\t\t\t\t\tdata-type=\"shape\"\n\t\t\t\t\t\t\t\tdata-rsp_ch=\"on\"\n\t\t\t\t\t\t\t\tdata-xy=\"x:c;y:b;\"\n\t\t\t\t\t\t\t\tdata-text=\"w:normal;s:20,17,12,6;l:0,21,16,8;\"\n\t\t\t\t\t\t\t\tdata-dim=\"w:3000px,2552px,1946px,999px;h:380px,300px,230px,120px;\"\n\t\t\t\t\t\t\t\tdata-frame_0=\"x:-175%;o:1;\"\n\t\t\t\t\t\t\t\tdata-frame_0_mask=\"u:t;x:100%;\"\n\t\t\t\t\t\t\t\tdata-frame_1=\"e:power3.out;sp:1000;\"\n\t\t\t\t\t\t\t\tdata-frame_1_mask=\"u:t;\"\n\t\t\t\t\t\t\t\tdata-frame_999=\"o:0;st:w;\"\n\t\t\t\t\t\t\t\tstyle=\"z-index:6;background-color:#004571;\"\n\t\t\t\t\t\t\t> \n\t\t\t\t\t\t\t<\/rs-layer><!--\n-->\t\t\t\t\t<\/rs-slide>\n\t\t\t\t\t<\/rs-slides>\n\t\t\t\t<\/rs-module>\n\t\t\t\t<script>\n\t\t\t\t\tsetREVStartSize({c: 'rev_slider_21_1',rl:[1240,1024,778,480],el:[740,600,460,240],gw:[1140,970,740,380],gh:[740,600,460,240],type:'standard',justify:'',layout:'fullwidth',mh:\"0\"});if (window.RS_MODULES!==undefined && window.RS_MODULES.modules!==undefined && window.RS_MODULES.modules[\"revslider211\"]!==undefined) {window.RS_MODULES.modules[\"revslider211\"].once = false;window.revapi21 = undefined;if (window.RS_MODULES.checkMinimal!==undefined) window.RS_MODULES.checkMinimal()}\n\t\t\t\t<\/script>\n\t\t\t<\/rs-module-wrap>\n\t\t\t<!-- END REVOLUTION SLIDER -->\n<\/div>\n\n\t\t\t\t\t\t<\/div>\n\t\t\t\t<\/div>\n\t\t\t\t<\/div>\n\t\t<div class=\"elementor-element elementor-element-72bebc97 e-flex e-con-boxed e-con e-parent\" data-id=\"72bebc97\" data-element_type=\"container\">\n\t\t\t\t\t<div class=\"e-con-inner\">\n\t\t<div class=\"elementor-element elementor-element-4e5d8c57 e-flex e-con-boxed e-con e-child\" data-id=\"4e5d8c57\" data-element_type=\"container\">\n\t\t\t\t\t<div class=\"e-con-inner\">\n\t\t\t\t<div class=\"elementor-element elementor-element-409eb384 elementor-widget elementor-widget-heading\" data-id=\"409eb384\" data-element_type=\"widget\" data-widget_type=\"heading.default\">\n\t\t\t\t<div class=\"elementor-widget-container\">\n\t\t\t\t\t<h2 class=\"elementor-heading-title elementor-size-default\">180 anys al sector energ\u00e8tic<\/h2>\t\t\t\t<\/div>\n\t\t\t\t<\/div>\n\t\t\t\t<div class=\"elementor-element elementor-element-6e09bdb0 elementor-widget elementor-widget-text-editor\" data-id=\"6e09bdb0\" data-element_type=\"widget\" data-widget_type=\"text-editor.default\">\n\t\t\t\t<div class=\"elementor-widget-container\">\n\t\t\t\t\t\t\t\t\t<p>El\u00a0<strong>1843<\/strong>, el nostre esperit innovador ens va impulsar a iniciar la nostra activitat a Barcelona, on vam portar per primera vegada l&#8217;enllumenat p\u00fablic als carrers. Aquest mateix esperit ens continua impulsant cap a un futur ple de reptes i noves oportunitats.<\/p><p>El\u00a0<strong>2023\u00a0<\/strong><b>complim 180 anys<\/b> amb una hist\u00f2ria i experi\u00e8ncia que s\u00f3n els fonaments de la nostra solidesa i que garanteixen un futur que aposta pel confort i un \u00fas m\u00e9s intel\u00b7ligent de l&#8217;energia. Per aix\u00f2, us convidem a fer un breu recorregut per la nostra hist\u00f2ria i a con\u00e8ixer d&#8217;on venim per saber cap on anem.<\/p>\t\t\t\t\t\t\t\t<\/div>\n\t\t\t\t<\/div>\n\t\t\t\t\t<\/div>\n\t\t\t\t<\/div>\n\t\t\t\t\t<\/div>\n\t\t\t\t<\/div>\n\t\t<div class=\"elementor-element elementor-element-1865f0a2 e-con-full e-flex e-con e-parent\" data-id=\"1865f0a2\" data-element_type=\"container\">\n\t\t\t\t<div class=\"elementor-element elementor-element-48d85e42 elementor-widget elementor-widget-spacer\" data-id=\"48d85e42\" data-element_type=\"widget\" data-widget_type=\"spacer.default\">\n\t\t\t\t<div class=\"elementor-widget-container\">\n\t\t\t\t\t\t\t<div class=\"elementor-spacer\">\n\t\t\t<div class=\"elementor-spacer-inner\"><\/div>\n\t\t<\/div>\n\t\t\t\t\t\t<\/div>\n\t\t\t\t<\/div>\n\t\t\t\t<\/div>\n\t\t<div class=\"elementor-element elementor-element-631885ee e-con-full e-flex e-con e-parent\" data-id=\"631885ee\" data-element_type=\"container\" data-settings=\"{&quot;background_background&quot;:&quot;classic&quot;}\">\n\t\t\t\t<div class=\"elementor-element elementor-element-5fe6d350 elementor-widget elementor-widget-spacer\" data-id=\"5fe6d350\" data-element_type=\"widget\" data-widget_type=\"spacer.default\">\n\t\t\t\t<div class=\"elementor-widget-container\">\n\t\t\t\t\t\t\t<div class=\"elementor-spacer\">\n\t\t\t<div class=\"elementor-spacer-inner\"><\/div>\n\t\t<\/div>\n\t\t\t\t\t\t<\/div>\n\t\t\t\t<\/div>\n\t\t\t\t<div class=\"elementor-element elementor-element-8e1badf elementor-widget elementor-widget-spacer\" data-id=\"8e1badf\" data-element_type=\"widget\" data-widget_type=\"spacer.default\">\n\t\t\t\t<div class=\"elementor-widget-container\">\n\t\t\t\t\t\t\t<div class=\"elementor-spacer\">\n\t\t\t<div class=\"elementor-spacer-inner\"><\/div>\n\t\t<\/div>\n\t\t\t\t\t\t<\/div>\n\t\t\t\t<\/div>\n\t\t\t\t<\/div>\n\t\t<div class=\"elementor-element elementor-element-80b3ad4 grid col-4 e-flex e-con-boxed e-con e-parent\" data-id=\"80b3ad4\" data-element_type=\"container\" data-settings=\"{&quot;background_background&quot;:&quot;classic&quot;}\">\n\t\t\t\t\t<div class=\"e-con-inner\">\n\t\t<div class=\"elementor-element elementor-element-6685ea03 e-con-full e-flex e-con e-child\" data-id=\"6685ea03\" data-element_type=\"container\" data-settings=\"{&quot;background_background&quot;:&quot;classic&quot;}\">\n\t\t\t\t<div class=\"elementor-element elementor-element-365e1455 elementor-view-default elementor-widget elementor-widget-icon\" data-id=\"365e1455\" data-element_type=\"widget\" data-widget_type=\"icon.default\">\n\t\t\t\t<div class=\"elementor-widget-container\">\n\t\t\t\t\t\t\t<div class=\"elementor-icon-wrapper\">\n\t\t\t<div class=\"elementor-icon\">\n\t\t\t<i aria-hidden=\"true\" class=\"interfaz interfaz-mundo\"><\/i>\t\t\t<\/div>\n\t\t<\/div>\n\t\t\t\t\t\t<\/div>\n\t\t\t\t<\/div>\n\t\t\t\t<div class=\"elementor-element elementor-element-19bac284 elementor-widget elementor-widget-heading\" data-id=\"19bac284\" data-element_type=\"widget\" data-widget_type=\"heading.default\">\n\t\t\t\t<div class=\"elementor-widget-container\">\n\t\t\t\t\t<div class=\"elementor-heading-title elementor-size-default\">Internacionalizaci\u00f3<\/div>\t\t\t\t<\/div>\n\t\t\t\t<\/div>\n\t\t\t\t<div class=\"elementor-element elementor-element-77ae42b4 elementor-widget elementor-widget-text-editor\" data-id=\"77ae42b4\" data-element_type=\"widget\" data-widget_type=\"text-editor.default\">\n\t\t\t\t<div class=\"elementor-widget-container\">\n\t\t\t\t\t\t\t\t\t<p><strong>En la d\u00e8cada dels noranta<\/strong>\u00a0la companyia va iniciar una de les etapes m\u00e9s significatives de la nostra hist\u00f2ria recent: el salt, a partir del 1992, als mercats estrangers.<\/p>\t\t\t\t\t\t\t\t<\/div>\n\t\t\t\t<\/div>\n\t\t\t\t<\/div>\n\t\t<div class=\"elementor-element elementor-element-26c25aad e-con-full e-flex e-con e-child\" data-id=\"26c25aad\" data-element_type=\"container\" data-settings=\"{&quot;background_background&quot;:&quot;classic&quot;}\">\n\t\t\t\t<div class=\"elementor-element elementor-element-53fa011 elementor-view-default elementor-widget elementor-widget-icon\" data-id=\"53fa011\" data-element_type=\"widget\" data-widget_type=\"icon.default\">\n\t\t\t\t<div class=\"elementor-widget-container\">\n\t\t\t\t\t\t\t<div class=\"elementor-icon-wrapper\">\n\t\t\t<div class=\"elementor-icon\">\n\t\t\t<i aria-hidden=\"true\" class=\"oficina oficina-organigrama\"><\/i>\t\t\t<\/div>\n\t\t<\/div>\n\t\t\t\t\t\t<\/div>\n\t\t\t\t<\/div>\n\t\t\t\t<div class=\"elementor-element elementor-element-19fe9b7a elementor-widget elementor-widget-heading\" data-id=\"19fe9b7a\" data-element_type=\"widget\" data-widget_type=\"heading.default\">\n\t\t\t\t<div class=\"elementor-widget-container\">\n\t\t\t\t\t<div class=\"elementor-heading-title elementor-size-default\">Diversificaci\u00f3 del negoci<\/div>\t\t\t\t<\/div>\n\t\t\t\t<\/div>\n\t\t\t\t<div class=\"elementor-element elementor-element-2e759b3c elementor-widget elementor-widget-text-editor\" data-id=\"2e759b3c\" data-element_type=\"widget\" data-widget_type=\"text-editor.default\">\n\t\t\t\t<div class=\"elementor-widget-container\">\n\t\t\t\t\t\t\t\t\t<p><strong>Gas i electricitat<\/strong>: durant les dues \u00faltimes d\u00e8cades, i gr\u00e0cies al creixement org\u00e0nic del grup com a resultat de fusions amb altres empreses, la companyia ha diversificat i ampliat el seu negoci.<\/p>\t\t\t\t\t\t\t\t<\/div>\n\t\t\t\t<\/div>\n\t\t\t\t<\/div>\n\t\t<div class=\"elementor-element elementor-element-4a8bbff8 e-con-full e-flex e-con e-child\" data-id=\"4a8bbff8\" data-element_type=\"container\" data-settings=\"{&quot;background_background&quot;:&quot;classic&quot;}\">\n\t\t\t\t<div class=\"elementor-element elementor-element-7f32ed04 elementor-view-default elementor-widget elementor-widget-icon\" data-id=\"7f32ed04\" data-element_type=\"widget\" data-widget_type=\"icon.default\">\n\t\t\t\t<div class=\"elementor-widget-container\">\n\t\t\t\t\t\t\t<div class=\"elementor-icon-wrapper\">\n\t\t\t<div class=\"elementor-icon\">\n\t\t\t<i aria-hidden=\"true\" class=\"interfaz interfaz-ojo-abierto-visualizar\"><\/i>\t\t\t<\/div>\n\t\t<\/div>\n\t\t\t\t\t\t<\/div>\n\t\t\t\t<\/div>\n\t\t\t\t<div class=\"elementor-element elementor-element-77782fe5 elementor-widget elementor-widget-heading\" data-id=\"77782fe5\" data-element_type=\"widget\" data-widget_type=\"heading.default\">\n\t\t\t\t<div class=\"elementor-widget-container\">\n\t\t\t\t\t<div class=\"elementor-heading-title elementor-size-default\">Mirant al futur<\/div>\t\t\t\t<\/div>\n\t\t\t\t<\/div>\n\t\t\t\t<div class=\"elementor-element elementor-element-6ec5fe58 elementor-widget elementor-widget-text-editor\" data-id=\"6ec5fe58\" data-element_type=\"widget\" data-widget_type=\"text-editor.default\">\n\t\t\t\t<div class=\"elementor-widget-container\">\n\t\t\t\t\t\t\t\t\t<p>Els nostres reptes s\u00f3n el\u00a0<strong>creixement en energies renovables<\/strong>, impulsar la innovaci\u00f3 i el desenvolupament de projectes de gas renovable, oferir solucions de mobilitat sostenible i protegir la biodiversitat en les nostres operacions, implementant les millors pr\u00e0ctiques.<\/p>\t\t\t\t\t\t\t\t<\/div>\n\t\t\t\t<\/div>\n\t\t\t\t<\/div>\n\t\t<div class=\"elementor-element elementor-element-6055b716 e-con-full e-flex e-con e-child\" data-id=\"6055b716\" data-element_type=\"container\" data-settings=\"{&quot;background_background&quot;:&quot;classic&quot;}\">\n\t\t\t\t<div class=\"elementor-element elementor-element-14919d1d elementor-view-default elementor-widget elementor-widget-icon\" data-id=\"14919d1d\" data-element_type=\"widget\" data-widget_type=\"icon.default\">\n\t\t\t\t<div class=\"elementor-widget-container\">\n\t\t\t\t\t\t\t<div class=\"elementor-icon-wrapper\">\n\t\t\t<div class=\"elementor-icon\">\n\t\t\t<i aria-hidden=\"true\" class=\"oficina oficina-calendario-oficina\"><\/i>\t\t\t<\/div>\n\t\t<\/div>\n\t\t\t\t\t\t<\/div>\n\t\t\t\t<\/div>\n\t\t\t\t<div class=\"elementor-element elementor-element-1fe639c2 elementor-widget elementor-widget-heading\" data-id=\"1fe639c2\" data-element_type=\"widget\" data-widget_type=\"heading.default\">\n\t\t\t\t<div class=\"elementor-widget-container\">\n\t\t\t\t\t<div class=\"elementor-heading-title elementor-size-default\">175 anys de Naturgy<\/div>\t\t\t\t<\/div>\n\t\t\t\t<\/div>\n\t\t\t\t<div class=\"elementor-element elementor-element-581db38c elementor-widget elementor-widget-image\" data-id=\"581db38c\" data-element_type=\"widget\" data-widget_type=\"image.default\">\n\t\t\t\t<div class=\"elementor-widget-container\">\n\t\t\t\t\t\t\t\t\t\t\t\t\t\t\t\t<a href=\"https:\/\/fr.zone-secure.net\/114683\/943484\/#page=1\" target=\"_blank\" rel=\"noopener\">\n\t\t\t\t\t\t\t<img decoding=\"async\" width=\"150\" height=\"225\" src=\"https:\/\/www.naturgy.com\/\/app\/uploads\/2023\/02\/175-comprometidos.jpg\" class=\"attachment-large size-large wp-image-23085\" alt=\"\" \/>\t\t\t\t\t\t\t\t<\/a>\n\t\t\t\t\t\t\t\t\t\t\t\t\t\t\t<\/div>\n\t\t\t\t<\/div>\n\t\t\t\t<\/div>\n\t\t\t\t\t<\/div>\n\t\t\t\t<\/div>\n\t\t<div class=\"elementor-element elementor-element-5d1d5788 e-con-full e-flex e-con e-parent\" data-id=\"5d1d5788\" data-element_type=\"container\" data-settings=\"{&quot;background_background&quot;:&quot;classic&quot;}\">\n\t\t\t\t<div class=\"elementor-element elementor-element-3a80b7c3 elementor-widget elementor-widget-spacer\" data-id=\"3a80b7c3\" data-element_type=\"widget\" data-widget_type=\"spacer.default\">\n\t\t\t\t<div class=\"elementor-widget-container\">\n\t\t\t\t\t\t\t<div class=\"elementor-spacer\">\n\t\t\t<div class=\"elementor-spacer-inner\"><\/div>\n\t\t<\/div>\n\t\t\t\t\t\t<\/div>\n\t\t\t\t<\/div>\n\t\t\t\t<\/div>\n\t\t<div class=\"elementor-element elementor-element-34b23779 e-flex e-con-boxed e-con e-parent\" data-id=\"34b23779\" data-element_type=\"container\" data-settings=\"{&quot;background_background&quot;:&quot;classic&quot;}\">\n\t\t\t\t\t<div class=\"e-con-inner\">\n\t\t\t\t<div class=\"elementor-element elementor-element-b2bcd6f elementor-widget elementor-widget-spacer\" data-id=\"b2bcd6f\" data-element_type=\"widget\" data-widget_type=\"spacer.default\">\n\t\t\t\t<div class=\"elementor-widget-container\">\n\t\t\t\t\t\t\t<div class=\"elementor-spacer\">\n\t\t\t<div class=\"elementor-spacer-inner\"><\/div>\n\t\t<\/div>\n\t\t\t\t\t\t<\/div>\n\t\t\t\t<\/div>\n\t\t\t\t\t<\/div>\n\t\t\t\t<\/div>\n\t\t<div class=\"elementor-element elementor-element-3b93952 e-flex e-con-boxed e-con e-parent\" data-id=\"3b93952\" data-element_type=\"container\">\n\t\t\t\t\t<div class=\"e-con-inner\">\n\t\t\t\t<div class=\"elementor-element elementor-element-7d2c1cbb elementor-widget elementor-widget-heading\" data-id=\"7d2c1cbb\" data-element_type=\"widget\" data-widget_type=\"heading.default\">\n\t\t\t\t<div class=\"elementor-widget-container\">\n\t\t\t\t\t<h2 class=\"elementor-heading-title elementor-size-default\">Hist\u00f2ria recent<\/h2>\t\t\t\t<\/div>\n\t\t\t\t<\/div>\n\t\t\t\t<div class=\"elementor-element elementor-element-1af3f9fc elementor-widget elementor-widget-text-editor\" data-id=\"1af3f9fc\" data-element_type=\"widget\" data-widget_type=\"text-editor.default\">\n\t\t\t\t<div class=\"elementor-widget-container\">\n\t\t\t\t\t\t\t\t\t<div>Des que vam iniciar l\u2019activitat, el nostre objectiu ha estat sempre <b>donar servei a la societat i oferir solucions intel\u00b7ligents i innovadores, apostant per l\u2019avantguarda tecnol\u00f2gica<\/b>. En tots els nostres anys d\u2019experi\u00e8ncia, hem diversificat el negoci, cosa que ens ha convertir en el primer grup que integra gas i electricitat a Espanya.<\/div><div>\u00a0<\/div><div><b>Els \u00faltims anys de la nostra hist\u00f2ria estan marcats per canvis decisius en la nostra estrat\u00e8gia<\/b>: hem expandit el negoci fins a 20 pa\u00efsos, hem estat pioners a integrar el negoci del gas i l\u2019electricitat i en l\u2019aposta per les energies netes i les noves tecnologies de generaci\u00f3.<\/div><div>\u00a0<\/div><div>A m\u00e9s, <b>el 2018, coincidint amb el nostre 175\u00e8 aniversari<\/b>, vam dur a terme un dels canvis m\u00e9s significatius de la nostra hist\u00f2ria: el pas de Gas Natural Fenosa a Naturgy. La nostra nova marca \u00e9s internacional, adaptada a tots els mercats globals on tenim pres\u00e8ncia i on la tindrem en el futur, i ens enfoca en la innovaci\u00f3, la digitalitzaci\u00f3, la simplicitat i globalitat. Amb aquesta marca, vam donar un nou impuls per ser m\u00e9s a prop dels nostres clients all\u00e0 on siguin i per apostar per oferir solucions simples, senzilles i respectuoses amb l\u2019entorn.<\/div>\t\t\t\t\t\t\t\t<\/div>\n\t\t\t\t<\/div>\n\t\t\t\t\t<\/div>\n\t\t\t\t<\/div>\n\t\t<div class=\"elementor-element elementor-element-130db19f e-con-full e-flex e-con e-parent\" data-id=\"130db19f\" data-element_type=\"container\">\n\t\t\t\t<div class=\"elementor-element elementor-element-5b1b2c6f elementor-widget elementor-widget-spacer\" data-id=\"5b1b2c6f\" data-element_type=\"widget\" data-widget_type=\"spacer.default\">\n\t\t\t\t<div class=\"elementor-widget-container\">\n\t\t\t\t\t\t\t<div class=\"elementor-spacer\">\n\t\t\t<div class=\"elementor-spacer-inner\"><\/div>\n\t\t<\/div>\n\t\t\t\t\t\t<\/div>\n\t\t\t\t<\/div>\n\t\t\t\t<\/div>\n\t\t<div class=\"elementor-element elementor-element-292194d2 e-flex e-con-boxed e-con e-parent\" data-id=\"292194d2\" data-element_type=\"container\">\n\t\t\t\t\t<div class=\"e-con-inner\">\n\t\t\t\t<div class=\"elementor-element elementor-element-7053419d elementor-widget elementor-widget-image\" data-id=\"7053419d\" data-element_type=\"widget\" data-widget_type=\"image.default\">\n\t\t\t\t<div class=\"elementor-widget-container\">\n\t\t\t\t\t\t\t\t\t\t\t\t\t\t\t<img decoding=\"async\" width=\"1138\" height=\"486\" src=\"https:\/\/www.naturgy.com\/\/app\/uploads\/2023\/02\/banner_historia_2.png\" class=\"attachment-full size-full wp-image-23098\" alt=\"\" srcset=\"https:\/\/www.naturgy.com\/\/app\/uploads\/2023\/02\/banner_historia_2.png 1138w, https:\/\/www.naturgy.com\/\/app\/uploads\/2023\/02\/banner_historia_2-300x128.png 300w, https:\/\/www.naturgy.com\/\/app\/uploads\/2023\/02\/banner_historia_2-1024x437.png 1024w, https:\/\/www.naturgy.com\/\/app\/uploads\/2023\/02\/banner_historia_2-768x328.png 768w\" sizes=\"(max-width: 1138px) 100vw, 1138px\" \/>\t\t\t\t\t\t\t\t\t\t\t\t\t\t\t<\/div>\n\t\t\t\t<\/div>\n\t\t\t\t\t<\/div>\n\t\t\t\t<\/div>\n\t\t<div class=\"elementor-element elementor-element-3e044dd4 e-flex e-con-boxed e-con e-parent\" data-id=\"3e044dd4\" data-element_type=\"container\">\n\t\t\t\t\t<div class=\"e-con-inner\">\n\t\t\t\t<div class=\"elementor-element elementor-element-708af0f1 has-icon elementor-widget elementor-widget-accordion\" data-id=\"708af0f1\" data-element_type=\"widget\" data-widget_type=\"accordion.default\">\n\t\t\t\t<div class=\"elementor-widget-container\">\n\t\t\t\t\t\t\t<div class=\"elementor-accordion\">\n\t\t\t\t\t\t\t<div class=\"elementor-accordion-item\">\n\t\t\t\t\t<div id=\"elementor-tab-title-1881\" class=\"elementor-tab-title\" data-tab=\"1\" role=\"button\" aria-controls=\"elementor-tab-content-1881\" aria-expanded=\"false\">\n\t\t\t\t\t\t\t\t\t\t\t\t\t<span class=\"elementor-accordion-icon elementor-accordion-icon-right\" aria-hidden=\"true\">\n\t\t\t\t\t\t\t\t\t\t\t\t\t\t\t<span class=\"elementor-accordion-icon-closed\"><i class=\"fas fa-chevron-down\"><\/i><\/span>\n\t\t\t\t\t\t\t\t<span class=\"elementor-accordion-icon-opened\"><i class=\"fas fa-chevron-up\"><\/i><\/span>\n\t\t\t\t\t\t\t\t\t\t\t\t\t\t<\/span>\n\t\t\t\t\t\t\t\t\t\t\t\t<a class=\"elementor-accordion-title\" tabindex=\"0\">Internacionalizaci\u00f3<\/a>\n\t\t\t\t\t<\/div>\n\t\t\t\t\t<div id=\"elementor-tab-content-1881\" class=\"elementor-tab-content elementor-clearfix\" data-tab=\"1\" role=\"region\" aria-labelledby=\"elementor-tab-title-1881\"><p><img loading=\"lazy\" decoding=\"async\" class=\"alignnone wp-image-23128 size-full\" src=\"https:\/\/stproportalcorporativo.blob.core.windows.net\/uploads\/2023\/02\/CentraldeCicloCombinadoDurango1.jpg\" alt=\"\" width=\"1200\" height=\"425\" srcset=\"https:\/\/stproportalcorporativo.blob.core.windows.net\/uploads\/2023\/02\/CentraldeCicloCombinadoDurango1.jpg 1200w, https:\/\/stproportalcorporativo.blob.core.windows.net\/uploads\/2023\/02\/CentraldeCicloCombinadoDurango1-300x106.jpg 300w, https:\/\/stproportalcorporativo.blob.core.windows.net\/uploads\/2023\/02\/CentraldeCicloCombinadoDurango1-1024x363.jpg 1024w, https:\/\/stproportalcorporativo.blob.core.windows.net\/uploads\/2023\/02\/CentraldeCicloCombinadoDurango1-768x272.jpg 768w\" sizes=\"(max-width: 1200px) 100vw, 1200px\" \/><\/p><p>En la d\u00e8cada dels noranta la companyia va iniciar una de les etapes m\u00e9s significatives de la nostra hist\u00f2ria recent: el salt als mercats estrangers. El proc\u00e9s es va iniciar el 1992, quan el Grup\u00a0va iniciar la seva expansi\u00f3 internacional amb l&#8217;adquisici\u00f3 d&#8217;actius a Buenos Aires, Argentina, i la constituci\u00f3 de Gas Natural BAN. Cinc anys despr\u00e9s, va continuar avan\u00e7ant per territori sud-americ\u00e0 en iniciar noves activitats al Brasil, Col\u00f2mbia i M\u00e8xic. L&#8217;experi\u00e8ncia va ser tan positiva que, al cap de pocs mesos, el Grup ja tenia m\u00e9s clients a l&#8217;\u00e0rea internacional que a la nacional.<\/p><ul><li>La solidesa del grup es va continuar enfortint quan, el 2002, va entrar en el mercat energ\u00e8tic itali\u00e0. A partir de llavors, i amb l&#8217;inici de les activitats a Puerto Rico i Fran\u00e7a, el proc\u00e9s d&#8217;expansi\u00f3 internacional de la companyia ha continuat creixent de manera imparable fins a arribar a m\u00e9s de 30 pa\u00efsos de tot el m\u00f3n, com ara Austr\u00e0lia, Sud-\u00e0frica, Oman, la Rep\u00fablica Dominicana, Guatemala, B\u00e8lgica o Alemanya.<\/li><\/ul><ul><li>El 2014, la companyia va entrar en el negoci energ\u00e8tic de Xile, despr\u00e9s de finalitzar amb \u00e8xit l&#8217;operaci\u00f3 de compra sobre la Compa\u00f1\u00eda General de Electricidad, S.A. (CGE), la principal energ\u00e8tica del pa\u00eds.<\/li><\/ul><ul><li>L&#8217;adquisici\u00f3 de CGE va permetre a la companyia entrar en el mercat xil\u00e8 des d&#8217;una posici\u00f3 de lideratge a trav\u00e9s de la principal distribu\u00efdora de gas i electricitat.\u00a0<\/li><\/ul><\/div>\n\t\t\t\t<\/div>\n\t\t\t\t\t\t\t<div class=\"elementor-accordion-item\">\n\t\t\t\t\t<div id=\"elementor-tab-title-1882\" class=\"elementor-tab-title\" data-tab=\"2\" role=\"button\" aria-controls=\"elementor-tab-content-1882\" aria-expanded=\"false\">\n\t\t\t\t\t\t\t\t\t\t\t\t\t<span class=\"elementor-accordion-icon elementor-accordion-icon-right\" aria-hidden=\"true\">\n\t\t\t\t\t\t\t\t\t\t\t\t\t\t\t<span class=\"elementor-accordion-icon-closed\"><i class=\"fas fa-chevron-down\"><\/i><\/span>\n\t\t\t\t\t\t\t\t<span class=\"elementor-accordion-icon-opened\"><i class=\"fas fa-chevron-up\"><\/i><\/span>\n\t\t\t\t\t\t\t\t\t\t\t\t\t\t<\/span>\n\t\t\t\t\t\t\t\t\t\t\t\t<a class=\"elementor-accordion-title\" tabindex=\"0\">Diversificaci\u00f3 del negoci<\/a>\n\t\t\t\t\t<\/div>\n\t\t\t\t\t<div id=\"elementor-tab-content-1882\" class=\"elementor-tab-content elementor-clearfix\" data-tab=\"2\" role=\"region\" aria-labelledby=\"elementor-tab-title-1882\"><p><img loading=\"lazy\" decoding=\"async\" class=\"alignnone wp-image-23132 size-full\" src=\"https:\/\/stproportalcorporativo.blob.core.windows.net\/uploads\/2023\/02\/Redes_electricidad_areas.jpg\" alt=\"\" width=\"1200\" height=\"450\" srcset=\"https:\/\/stproportalcorporativo.blob.core.windows.net\/uploads\/2023\/02\/Redes_electricidad_areas.jpg 1200w, https:\/\/stproportalcorporativo.blob.core.windows.net\/uploads\/2023\/02\/Redes_electricidad_areas-300x113.jpg 300w, https:\/\/stproportalcorporativo.blob.core.windows.net\/uploads\/2023\/02\/Redes_electricidad_areas-1024x384.jpg 1024w, https:\/\/stproportalcorporativo.blob.core.windows.net\/uploads\/2023\/02\/Redes_electricidad_areas-768x288.jpg 768w\" sizes=\"(max-width: 1200px) 100vw, 1200px\" \/><\/p><p>Durant les dues \u00faltimes d\u00e8cades, i gr\u00e0cies al creixement org\u00e0nic del grup com a resultat de fusions amb altres empreses, la companyia ha diversificat i ampliat decididament el seu negoci: els anys noranta, va iniciar les activitats en el transport de gas i en\u00a0<em>trading<\/em>\u00a0i, ja durant el segle XXI, va entrar en el negoci de la comercialitzaci\u00f3 d&#8217;electricitat i gas (a partir de la liberalitzaci\u00f3 del mercat energ\u00e8tic espanyol), la generaci\u00f3 d&#8217;electricitat amb cicles combinats de gas, l&#8217;exploraci\u00f3, producci\u00f3 i liq\u00fcefacci\u00f3 de gas natural i la generaci\u00f3 d&#8217;energia e\u00f2lica,\u00a0entre d&#8217;altres.<br \/><br \/>Un dels grans punts d&#8217;inflexi\u00f3 que van transformar la hist\u00f2ria del grup va ser la fusi\u00f3 per absorci\u00f3 amb Uni\u00f3n Fenosa i Uni\u00f3n Fenosa Generaci\u00f3n, el 2008, que va donar com a resultat el naixement de la primera companyia integrada de gas i electricitat d&#8217;Espanya i Llatinoam\u00e8rica i una de les deu primeres\u00a0<em>utilities<\/em>\u00a0europees: Naturgy. Amb la integraci\u00f3 de les dues empreses, el grup es va fer encara m\u00e9s fort, m\u00e9s eficient i m\u00e9s competitiu, atributs que avui ens permeten afrontar amb \u00e8xit els nous reptes dels mercats energ\u00e8tics, cada vegada m\u00e9s globalitzats.<\/p><\/div>\n\t\t\t\t<\/div>\n\t\t\t\t\t\t\t<div class=\"elementor-accordion-item\">\n\t\t\t\t\t<div id=\"elementor-tab-title-1883\" class=\"elementor-tab-title\" data-tab=\"3\" role=\"button\" aria-controls=\"elementor-tab-content-1883\" aria-expanded=\"false\">\n\t\t\t\t\t\t\t\t\t\t\t\t\t<span class=\"elementor-accordion-icon elementor-accordion-icon-right\" aria-hidden=\"true\">\n\t\t\t\t\t\t\t\t\t\t\t\t\t\t\t<span class=\"elementor-accordion-icon-closed\"><i class=\"fas fa-chevron-down\"><\/i><\/span>\n\t\t\t\t\t\t\t\t<span class=\"elementor-accordion-icon-opened\"><i class=\"fas fa-chevron-up\"><\/i><\/span>\n\t\t\t\t\t\t\t\t\t\t\t\t\t\t<\/span>\n\t\t\t\t\t\t\t\t\t\t\t\t<a class=\"elementor-accordion-title\" tabindex=\"0\">Mirant cap al futur<\/a>\n\t\t\t\t\t<\/div>\n\t\t\t\t\t<div id=\"elementor-tab-content-1883\" class=\"elementor-tab-content elementor-clearfix\" data-tab=\"3\" role=\"region\" aria-labelledby=\"elementor-tab-title-1883\"><p><img loading=\"lazy\" decoding=\"async\" class=\"alignnone wp-image-23136 size-full\" src=\"https:\/\/stproportalcorporativo.blob.core.windows.net\/uploads\/2023\/02\/Generacion_eolico.png\" alt=\"\" width=\"1203\" height=\"425\" srcset=\"https:\/\/stproportalcorporativo.blob.core.windows.net\/uploads\/2023\/02\/Generacion_eolico.png 1203w, https:\/\/stproportalcorporativo.blob.core.windows.net\/uploads\/2023\/02\/Generacion_eolico-300x106.png 300w, https:\/\/stproportalcorporativo.blob.core.windows.net\/uploads\/2023\/02\/Generacion_eolico-1024x362.png 1024w, https:\/\/stproportalcorporativo.blob.core.windows.net\/uploads\/2023\/02\/Generacion_eolico-768x271.png 768w\" sizes=\"(max-width: 1203px) 100vw, 1203px\" \/><\/p><p>El creixement econ\u00f2mic, l\u2019evoluci\u00f3 tecnol\u00f2gica i l\u2019augment de la qualitat de vida que la nostra societat ha experimentat l\u2019\u00faltim segle han disparat el consum d\u2019energia i han posat sobre la taula la necessitat de trobar noves solucions que garanteixin un subministrament d\u2019energia sostenible, eficient, segur i respectu\u00f3s amb el medi ambient.<\/p><p>La nostra visi\u00f3 de futur, sense oblidar les nostres arrels i els nostres m\u00e9s de 180 anys d&#8217;hist\u00f2ria, t\u00e9 com a objecte transformar l&#8217;actual model de negoci i establir les bases per continuar creant valor mitjan\u00e7ant la transici\u00f3 energ\u00e8tica, apostant per les energies renovables, desenvolupant el gas renovable (hidrogen i biomet\u00e0) gr\u00e0cies a la posici\u00f3 de lideratge en el mercat de gas natural convencional, i impulsant l&#8217;efici\u00e8ncia energ\u00e8tica i l&#8217;economia circular.<\/p><p>Hem tra\u00e7at aquesta visi\u00f3 conscients de la import\u00e0ncia que tenen les nostres actuacions sobre les persones i l&#8217;entorn on desenvolupem l&#8217;activitat, i per aix\u00f2, establim una s\u00e8rie de compromisos que garanteixin el benestar &#8211; actual i futur &#8211; de les persones i els entorns amb els quals ens relacionem.<\/p><p>En el nostre full de ruta figuren tamb\u00e9 nombrosos projectes d\u2019innovaci\u00f3 en mat\u00e8ria de gas renovable, com a vector energ\u00e8tic i d\u2019emmagatzematge que faciliti la transici\u00f3 a un model d\u2019energia circular i descarbonitzat, aix\u00ed com de solucions de mobilitat sostenible per a les ciutats i el transport terrestre i mar\u00edtim que millorin la qualitat de l\u2019aire.<\/p><p>Amb el mateix esperit innovador que ens ha guiat al llarg de 180 anys, dia a dia, continuarem treballant per poder donar als nostres clients les millors solucions i oferir-los tot el confort i el benestar amb la m\u00e0xima efici\u00e8ncia i sostenibilitat.<\/p><\/div>\n\t\t\t\t<\/div>\n\t\t\t\t\t\t\t\t<\/div>\n\t\t\t\t\t\t<\/div>\n\t\t\t\t<\/div>\n\t\t\t\t<div class=\"elementor-element elementor-element-e1f9573 elementor-widget elementor-widget-spacer\" data-id=\"e1f9573\" data-element_type=\"widget\" data-widget_type=\"spacer.default\">\n\t\t\t\t<div class=\"elementor-widget-container\">\n\t\t\t\t\t\t\t<div class=\"elementor-spacer\">\n\t\t\t<div class=\"elementor-spacer-inner\"><\/div>\n\t\t<\/div>\n\t\t\t\t\t\t<\/div>\n\t\t\t\t<\/div>\n\t\t\t\t\t<\/div>\n\t\t\t\t<\/div>\n\t\t<div class=\"elementor-element elementor-element-48e83fc7 e-con-full e-flex e-con e-parent\" data-id=\"48e83fc7\" data-element_type=\"container\" data-settings=\"{&quot;background_background&quot;:&quot;classic&quot;}\">\n\t\t\t\t<div class=\"elementor-element elementor-element-27ebf554 elementor-widget elementor-widget-spacer\" data-id=\"27ebf554\" data-element_type=\"widget\" data-widget_type=\"spacer.default\">\n\t\t\t\t<div class=\"elementor-widget-container\">\n\t\t\t\t\t\t\t<div class=\"elementor-spacer\">\n\t\t\t<div class=\"elementor-spacer-inner\"><\/div>\n\t\t<\/div>\n\t\t\t\t\t\t<\/div>\n\t\t\t\t<\/div>\n\t\t\t\t<\/div>\n\t\t<div class=\"elementor-element elementor-element-6f386e5c e-flex e-con-boxed e-con e-parent\" data-id=\"6f386e5c\" data-element_type=\"container\" data-settings=\"{&quot;background_background&quot;:&quot;classic&quot;}\">\n\t\t\t\t\t<div class=\"e-con-inner\">\n\t\t<div class=\"elementor-element elementor-element-79244e69 e-flex e-con-boxed e-con e-child\" data-id=\"79244e69\" data-element_type=\"container\">\n\t\t\t\t\t<div class=\"e-con-inner\">\n\t\t<div class=\"elementor-element elementor-element-1bbabec4 e-con-full e-flex e-con e-child\" data-id=\"1bbabec4\" data-element_type=\"container\">\n\t\t\t\t<div class=\"elementor-element elementor-element-2282b3a5 elementor-widget elementor-widget-heading\" data-id=\"2282b3a5\" data-element_type=\"widget\" data-widget_type=\"heading.default\">\n\t\t\t\t<div class=\"elementor-widget-container\">\n\t\t\t\t\t<h2 class=\"elementor-heading-title elementor-size-default\">Etapes hist\u00f2riques<\/h2>\t\t\t\t<\/div>\n\t\t\t\t<\/div>\n\t\t\t\t<div class=\"elementor-element elementor-element-57640488 elementor-widget elementor-widget-heading\" data-id=\"57640488\" data-element_type=\"widget\" data-widget_type=\"heading.default\">\n\t\t\t\t<div class=\"elementor-widget-container\">\n\t\t\t\t\t<h3 class=\"elementor-heading-title elementor-size-default\">1843 - actualitat<\/h3>\t\t\t\t<\/div>\n\t\t\t\t<\/div>\n\t\t\t\t<div class=\"elementor-element elementor-element-730e023e elementor-widget elementor-widget-text-editor\" data-id=\"730e023e\" data-element_type=\"widget\" data-widget_type=\"text-editor.default\">\n\t\t\t\t<div class=\"elementor-widget-container\">\n\t\t\t\t\t\t\t\t\t<p>Des del\u00a0\u00a0<strong>1843\u00a0<\/strong>hem estat presents en la hist\u00f2ria de l\u2019energia d\u2019Espanya i del m\u00f3n, donant servei als nostres clients i apostant pel benestar a les llars. Fins als anys noranta del segle XX<strong>\u00a0vam cr\u00e9ixer, vam innovar en l\u2019\u00fas dom\u00e8stic i vam integrar el sector de l\u2019electricitat i el gas a Espanya<\/strong>. Cap a finals del segle passat ens vam expandir\u00a0 fora d\u2019Espanya, la qual cosa ens ha consolidat com un dels actors energ\u00e8tics m\u00e9s importants de l\u2019\u00e0mbit internacional.\u00a0<\/p>\t\t\t\t\t\t\t\t<\/div>\n\t\t\t\t<\/div>\n\t\t\t\t<\/div>\n\t\t\t\t\t<\/div>\n\t\t\t\t<\/div>\n\t\t\t\t\t<\/div>\n\t\t\t\t<\/div>\n\t\t<div class=\"elementor-element elementor-element-6e61c46a e-con-full e-flex e-con e-parent\" data-id=\"6e61c46a\" data-element_type=\"container\" data-settings=\"{&quot;background_background&quot;:&quot;classic&quot;}\">\n\t\t\t\t<div class=\"elementor-element elementor-element-4002fc6c elementor-widget elementor-widget-spacer\" data-id=\"4002fc6c\" data-element_type=\"widget\" data-widget_type=\"spacer.default\">\n\t\t\t\t<div class=\"elementor-widget-container\">\n\t\t\t\t\t\t\t<div class=\"elementor-spacer\">\n\t\t\t<div class=\"elementor-spacer-inner\"><\/div>\n\t\t<\/div>\n\t\t\t\t\t\t<\/div>\n\t\t\t\t<\/div>\n\t\t\t\t<\/div>\n\t\t<div class=\"elementor-element elementor-element-41fd9b7 grid col-3 e-flex e-con-boxed e-con e-parent\" data-id=\"41fd9b7\" data-element_type=\"container\" data-settings=\"{&quot;background_background&quot;:&quot;classic&quot;}\">\n\t\t\t\t\t<div class=\"e-con-inner\">\n\t\t<div class=\"elementor-element elementor-element-49ed7a84 e-con-full e-flex e-con e-child\" data-id=\"49ed7a84\" data-element_type=\"container\" data-settings=\"{&quot;background_background&quot;:&quot;classic&quot;}\">\n\t\t\t\t<div class=\"elementor-element elementor-element-47654507 elementor-widget elementor-widget-image\" data-id=\"47654507\" data-element_type=\"widget\" data-widget_type=\"image.default\">\n\t\t\t\t<div class=\"elementor-widget-container\">\n\t\t\t\t\t\t\t\t\t\t\t\t\t\t\t<img loading=\"lazy\" decoding=\"async\" width=\"560\" height=\"406\" src=\"https:\/\/www.naturgy.com\/\/app\/uploads\/2023\/02\/Captura13-1.png\" class=\"attachment-medium_large size-medium_large wp-image-28497\" alt=\"\" srcset=\"https:\/\/www.naturgy.com\/\/app\/uploads\/2023\/02\/Captura13-1.png 560w, https:\/\/www.naturgy.com\/\/app\/uploads\/2023\/02\/Captura13-1-300x218.png 300w\" sizes=\"(max-width: 560px) 100vw, 560px\" \/>\t\t\t\t\t\t\t\t\t\t\t\t\t\t\t<\/div>\n\t\t\t\t<\/div>\n\t\t\t\t<\/div>\n\t\t<div class=\"elementor-element elementor-element-1329d0fa e-con-full e-flex e-con e-child\" data-id=\"1329d0fa\" data-element_type=\"container\" data-settings=\"{&quot;background_background&quot;:&quot;classic&quot;}\">\n\t\t\t\t<div class=\"elementor-element elementor-element-74487a18 elementor-widget elementor-widget-image\" data-id=\"74487a18\" data-element_type=\"widget\" data-widget_type=\"image.default\">\n\t\t\t\t<div class=\"elementor-widget-container\">\n\t\t\t\t\t\t\t\t\t\t\t\t\t\t\t<img loading=\"lazy\" decoding=\"async\" width=\"558\" height=\"404\" src=\"https:\/\/www.naturgy.com\/\/app\/uploads\/2023\/02\/Captura14-1.png\" class=\"attachment-medium_large size-medium_large wp-image-28493\" alt=\"\" srcset=\"https:\/\/www.naturgy.com\/\/app\/uploads\/2023\/02\/Captura14-1.png 558w, https:\/\/www.naturgy.com\/\/app\/uploads\/2023\/02\/Captura14-1-300x217.png 300w\" sizes=\"(max-width: 558px) 100vw, 558px\" \/>\t\t\t\t\t\t\t\t\t\t\t\t\t\t\t<\/div>\n\t\t\t\t<\/div>\n\t\t\t\t<\/div>\n\t\t<div class=\"elementor-element elementor-element-5ff8c9e1 e-con-full e-flex e-con e-child\" data-id=\"5ff8c9e1\" data-element_type=\"container\" data-settings=\"{&quot;background_background&quot;:&quot;classic&quot;}\">\n\t\t\t\t<div class=\"elementor-element elementor-element-827b507 elementor-widget elementor-widget-image\" data-id=\"827b507\" data-element_type=\"widget\" data-widget_type=\"image.default\">\n\t\t\t\t<div class=\"elementor-widget-container\">\n\t\t\t\t\t\t\t\t\t\t\t\t\t\t\t<img loading=\"lazy\" decoding=\"async\" width=\"557\" height=\"404\" src=\"https:\/\/www.naturgy.com\/\/app\/uploads\/2023\/02\/Captura15-1.png\" class=\"attachment-medium_large size-medium_large wp-image-28489\" alt=\"\" srcset=\"https:\/\/www.naturgy.com\/\/app\/uploads\/2023\/02\/Captura15-1.png 557w, https:\/\/www.naturgy.com\/\/app\/uploads\/2023\/02\/Captura15-1-300x218.png 300w\" sizes=\"(max-width: 557px) 100vw, 557px\" \/>\t\t\t\t\t\t\t\t\t\t\t\t\t\t\t<\/div>\n\t\t\t\t<\/div>\n\t\t\t\t<\/div>\n\t\t\t\t\t<\/div>\n\t\t\t\t<\/div>\n\t\t<div class=\"elementor-element elementor-element-49152b97 e-con-full e-flex e-con e-parent\" data-id=\"49152b97\" data-element_type=\"container\" data-settings=\"{&quot;background_background&quot;:&quot;classic&quot;}\">\n\t\t\t\t<div class=\"elementor-element elementor-element-499f85b4 elementor-widget elementor-widget-spacer\" data-id=\"499f85b4\" data-element_type=\"widget\" data-widget_type=\"spacer.default\">\n\t\t\t\t<div class=\"elementor-widget-container\">\n\t\t\t\t\t\t\t<div class=\"elementor-spacer\">\n\t\t\t<div class=\"elementor-spacer-inner\"><\/div>\n\t\t<\/div>\n\t\t\t\t\t\t<\/div>\n\t\t\t\t<\/div>\n\t\t\t\t<\/div>\n\t\t<div class=\"elementor-element elementor-element-2f55de1 e-flex e-con-boxed e-con e-parent\" data-id=\"2f55de1\" data-element_type=\"container\" data-settings=\"{&quot;background_background&quot;:&quot;classic&quot;}\">\n\t\t\t\t\t<div class=\"e-con-inner\">\n\t\t\t\t<div class=\"elementor-element elementor-element-ee78b76 elementor-widget elementor-widget-accordion\" data-id=\"ee78b76\" data-element_type=\"widget\" data-widget_type=\"accordion.default\">\n\t\t\t\t<div class=\"elementor-widget-container\">\n\t\t\t\t\t\t\t<div class=\"elementor-accordion\">\n\t\t\t\t\t\t\t<div class=\"elementor-accordion-item\">\n\t\t\t\t\t<div id=\"elementor-tab-title-2501\" class=\"elementor-tab-title\" data-tab=\"1\" role=\"button\" aria-controls=\"elementor-tab-content-2501\" aria-expanded=\"false\">\n\t\t\t\t\t\t\t\t\t\t\t\t\t<span class=\"elementor-accordion-icon elementor-accordion-icon-right\" aria-hidden=\"true\">\n\t\t\t\t\t\t\t\t\t\t\t\t\t\t\t<span class=\"elementor-accordion-icon-closed\"><i class=\"fas fa-chevron-down\"><\/i><\/span>\n\t\t\t\t\t\t\t\t<span class=\"elementor-accordion-icon-opened\"><i class=\"fas fa-chevron-up\"><\/i><\/span>\n\t\t\t\t\t\t\t\t\t\t\t\t\t\t<\/span>\n\t\t\t\t\t\t\t\t\t\t\t\t<a class=\"elementor-accordion-title\" tabindex=\"0\">1843 - 1912. Primers passos<\/a>\n\t\t\t\t\t<\/div>\n\t\t\t\t\t<div id=\"elementor-tab-content-2501\" class=\"elementor-tab-content elementor-clearfix\" data-tab=\"1\" role=\"region\" aria-labelledby=\"elementor-tab-title-2501\"><p><img decoding=\"async\" class=\"alignleft wp-image-23164 size-medium\" src=\"https:\/\/stproportalcorporativo.blob.core.windows.net\/uploads\/2023\/02\/Torre_gas_natural_fenosa_imagen-209x300.jpg\" alt=\"\" width=\"210\" srcset=\"https:\/\/stproportalcorporativo.blob.core.windows.net\/uploads\/2023\/02\/Torre_gas_natural_fenosa_imagen-209x300.jpg 209w, https:\/\/stproportalcorporativo.blob.core.windows.net\/uploads\/2023\/02\/Torre_gas_natural_fenosa_imagen.jpg 254w\" sizes=\"(max-width: 209px) 100vw, 209px\" \/><\/p><p>Des dels seus or\u00edgens, la companyia ha aportat solucions innovadores. Ja el 1843, i sota el nom de Sociedad Catalana para el Alumbrado por Gas (SCAG), va ser de les primeres empreses a portar la llum als carrers i espais p\u00fablics de Barcelona i va oferir, aix\u00ed, el primer servei p\u00fablic implantat a la ciutat comtal.<br \/><br \/>L\u2019enllumenat per gas ja s\u2019havia instal\u00b7lat a les principals capitals europees (la primera, Londres, el 1812), i va representar una revoluci\u00f3 en la qualitat de vida dels ciutadans, ja que els permetia mantenir una vida activa encara que s\u2019hagu\u00e9s post el sol. Pocs mesos despr\u00e9s, la SCAG va iniciar la promoci\u00f3 del nou enllumenat tamb\u00e9 entre els clients privats.\u00a0<br \/><br \/>A partir de 1866, la SCAG va saltar del territori catal\u00e0 i va iniciar la seva expansi\u00f3 geogr\u00e0fica per la pen\u00ednsula en comprar les f\u00e0briques de gas de Sant Andreu del Palomar, Sevilla i Ferrol. A finals de segle, la SCAG va entrar tamb\u00e9 en el negoci de l\u2019electricitat t\u00e8rmica, i el 1911, en el de l\u2019electricitat hidr\u00e0ulica, quan va comen\u00e7ar la construcci\u00f3 de salts d\u2019aigua i centrals el\u00e8ctriques al Pirineu.\u00a0<br \/><br \/>En la segona d\u00e8cada del segle XX, la proliferaci\u00f3 d&#8217;empreses competidores en el negoci del gas i l&#8217;electricitat, com la Barcelona Traction Light &amp; Power, va obligar la SCAG a desenvolupar un canvi d&#8217;estrat\u00e8gia que donaria pas a un creixement important basat en les adquisicions de diferents societats. Va ser llavors quan, el 1912, la SCAG va canviar de nom a Catalana de Gas y Electricidad, S.A. (CGE).<\/p><\/div>\n\t\t\t\t<\/div>\n\t\t\t\t\t\t\t<div class=\"elementor-accordion-item\">\n\t\t\t\t\t<div id=\"elementor-tab-title-2502\" class=\"elementor-tab-title\" data-tab=\"2\" role=\"button\" aria-controls=\"elementor-tab-content-2502\" aria-expanded=\"false\">\n\t\t\t\t\t\t\t\t\t\t\t\t\t<span class=\"elementor-accordion-icon elementor-accordion-icon-right\" aria-hidden=\"true\">\n\t\t\t\t\t\t\t\t\t\t\t\t\t\t\t<span class=\"elementor-accordion-icon-closed\"><i class=\"fas fa-chevron-down\"><\/i><\/span>\n\t\t\t\t\t\t\t\t<span class=\"elementor-accordion-icon-opened\"><i class=\"fas fa-chevron-up\"><\/i><\/span>\n\t\t\t\t\t\t\t\t\t\t\t\t\t\t<\/span>\n\t\t\t\t\t\t\t\t\t\t\t\t<a class=\"elementor-accordion-title\" tabindex=\"0\">1912 - 1987. Expansi\u00f3 peninsular i noves aplicacions del gas a la cuina i en climatitzaci\u00f3<\/a>\n\t\t\t\t\t<\/div>\n\t\t\t\t\t<div id=\"elementor-tab-content-2502\" class=\"elementor-tab-content elementor-clearfix\" data-tab=\"2\" role=\"region\" aria-labelledby=\"elementor-tab-title-2502\"><p><img decoding=\"async\" class=\"alignleft wp-image-23185 size-medium\" src=\"https:\/\/stproportalcorporativo.blob.core.windows.net\/uploads\/2023\/02\/Cartel_Gas_Natural__Fenosa-209x300.png\" alt=\"\" width=\"170\" srcset=\"https:\/\/stproportalcorporativo.blob.core.windows.net\/uploads\/2023\/02\/Cartel_Gas_Natural__Fenosa-209x300.png 209w, https:\/\/stproportalcorporativo.blob.core.windows.net\/uploads\/2023\/02\/Cartel_Gas_Natural__Fenosa.png 254w\" sizes=\"(max-width: 209px) 100vw, 209px\" \/><\/p><p>Una de les grans fites de la nostra hist\u00f2ria va arribar el 1963, quan la CGE va\u00a0introduir el petroli\u00a0(naftes lleugeres) al mercat energ\u00e8tic i el va utilitzar com a mat\u00e8ria primera en substituci\u00f3 del carb\u00f3. L\u2019\u00fas del petroli com a mat\u00e8ria primera i la imparable expansi\u00f3 de la companyia va fer augmentar considerablement la capacitat de les f\u00e0briques, cosa que va permetre comen\u00e7ar a promocionar amb for\u00e7a l\u2019\u00a0\u00fas de la calefacci\u00f3 de gas a partir del 1967.\u00a0<br \/><br \/>Juntament amb altres membres, el 1965, la CGE va constituir\u00a0Gas Natural, SA,\u00a0dedicada a\u00a0importar gas natural de L\u00edbia i Alg\u00e8ria.\u00a0Paral\u00b7lelament, l\u2019empresa va impulsar la construcci\u00f3 d\u2019una planta de regasificaci\u00f3 al port de Barcelona, una xarxa de comercialitzaci\u00f3 a la zona i va portar a Espanya el primer vaixell metaner. Tot aix\u00f2 va fer possible que poc despr\u00e9s comencessin els usos industrials a gran escala del gas natural com a combustible de qualitat.<\/p><\/div>\n\t\t\t\t<\/div>\n\t\t\t\t\t\t\t<div class=\"elementor-accordion-item\">\n\t\t\t\t\t<div id=\"elementor-tab-title-2503\" class=\"elementor-tab-title\" data-tab=\"3\" role=\"button\" aria-controls=\"elementor-tab-content-2503\" aria-expanded=\"false\">\n\t\t\t\t\t\t\t\t\t\t\t\t\t<span class=\"elementor-accordion-icon elementor-accordion-icon-right\" aria-hidden=\"true\">\n\t\t\t\t\t\t\t\t\t\t\t\t\t\t\t<span class=\"elementor-accordion-icon-closed\"><i class=\"fas fa-chevron-down\"><\/i><\/span>\n\t\t\t\t\t\t\t\t<span class=\"elementor-accordion-icon-opened\"><i class=\"fas fa-chevron-up\"><\/i><\/span>\n\t\t\t\t\t\t\t\t\t\t\t\t\t\t<\/span>\n\t\t\t\t\t\t\t\t\t\t\t\t<a class=\"elementor-accordion-title\" tabindex=\"0\">1987 - 1992. Integraci\u00f3 del sector gas\u00edstic<\/a>\n\t\t\t\t\t<\/div>\n\t\t\t\t\t<div id=\"elementor-tab-content-2503\" class=\"elementor-tab-content elementor-clearfix\" data-tab=\"3\" role=\"region\" aria-labelledby=\"elementor-tab-title-2503\"><p>Despr\u00e9s de l&#8217;operaci\u00f3 de fusi\u00f3 de Catalana de Gas sobre Gas Madrid en 1991, la companyia va decidir adaptar la seva denominaci\u00f3 a la nova realitat i va canviar el nom al m\u00e9s gen\u00e8ric Gas Natural, el quart canvi de nom en uns 150 anys, i \u00e9s quan es va incorporar la papallona, en el seu moment un element arriscat per\u00f2 que amb els anys ha demostrat la seva personalitat i pot\u00e8ncia en la comunicaci\u00f3.<br \/><br \/>En 1992 es va crear la\u00a0<u><a href=\"https:\/\/www.fundacionnaturgy.org\/ca\/\" target=\"_blank\" rel=\"noopener\">Fundaci\u00f3 Naturgy<\/a><\/u>, una instituci\u00f3 sense \u00e0nim de lucre amb una vocaci\u00f3 de formaci\u00f3 i sensibilitzaci\u00f3 de la societat en la millora de l\u2019efici\u00e8ncia energ\u00e8tica i la innovaci\u00f3 tecnol\u00f2gica en l\u2019\u00e0mbit de l\u2019energia. Tamb\u00e9 desenvolupa programes d\u2019acci\u00f3 social, tant en l\u2019\u00e0mbit nacional com internacional, incidint especialment en actuacions destinades a pal\u00b7liar la vulnerabilitat energ\u00e8tica.<\/p><\/div>\n\t\t\t\t<\/div>\n\t\t\t\t\t\t\t<div class=\"elementor-accordion-item\">\n\t\t\t\t\t<div id=\"elementor-tab-title-2504\" class=\"elementor-tab-title\" data-tab=\"4\" role=\"button\" aria-controls=\"elementor-tab-content-2504\" aria-expanded=\"false\">\n\t\t\t\t\t\t\t\t\t\t\t\t\t<span class=\"elementor-accordion-icon elementor-accordion-icon-right\" aria-hidden=\"true\">\n\t\t\t\t\t\t\t\t\t\t\t\t\t\t\t<span class=\"elementor-accordion-icon-closed\"><i class=\"fas fa-chevron-down\"><\/i><\/span>\n\t\t\t\t\t\t\t\t<span class=\"elementor-accordion-icon-opened\"><i class=\"fas fa-chevron-up\"><\/i><\/span>\n\t\t\t\t\t\t\t\t\t\t\t\t\t\t<\/span>\n\t\t\t\t\t\t\t\t\t\t\t\t<a class=\"elementor-accordion-title\" tabindex=\"0\">1992 - 2008. Visi\u00f3 exterior<\/a>\n\t\t\t\t\t<\/div>\n\t\t\t\t\t<div id=\"elementor-tab-content-2504\" class=\"elementor-tab-content elementor-clearfix\" data-tab=\"4\" role=\"region\" aria-labelledby=\"elementor-tab-title-2504\"><p>El 1992 va ser l\u2019any de l\u2019obertura a altres pa\u00efsos amb l\u2019entrada a la societat Gas del Estado de Argentina. L\u2019experi\u00e8ncia va ser un gran repte per a Gas Natural SDG, que gaireb\u00e9 sense acabar d\u2019integrar el gas a Espanya, va iniciar la internacionalitzaci\u00f3 de les seves activitats amb l\u2019adquisici\u00f3 en aquest pa\u00eds de gaireb\u00e9 un mili\u00f3 de clients. El 1997 va engegar activitats al Brasil, M\u00e8xic i Col\u00f2mbia.<br \/><br \/>Durant aquest per\u00edode, i com a conseq\u00fc\u00e8ncia de la internacionalitzaci\u00f3 de les seves activitats i del proc\u00e9s de liberalitzaci\u00f3 del gas a Espanya, Gas Natural SDG va entrar progressivament aquests anys a nous sectors d\u2019activitat i nous desenvolupaments, de manera que va completar el perfil de companyia rellevant en el context internacional i va millorar el mix de riscos entre pa\u00efsos i negocis: transport, flota, <em>trading<\/em> i <em>upstream<\/em>.<br \/><br \/>L\u2019any 2002, Gas Natural SDG va ser pionera en la construcci\u00f3 del primer cicle combinat del pa\u00eds, el de San Roque (Cadis).<\/p><\/div>\n\t\t\t\t<\/div>\n\t\t\t\t\t\t\t<div class=\"elementor-accordion-item\">\n\t\t\t\t\t<div id=\"elementor-tab-title-2505\" class=\"elementor-tab-title\" data-tab=\"5\" role=\"button\" aria-controls=\"elementor-tab-content-2505\" aria-expanded=\"false\">\n\t\t\t\t\t\t\t\t\t\t\t\t\t<span class=\"elementor-accordion-icon elementor-accordion-icon-right\" aria-hidden=\"true\">\n\t\t\t\t\t\t\t\t\t\t\t\t\t\t\t<span class=\"elementor-accordion-icon-closed\"><i class=\"fas fa-chevron-down\"><\/i><\/span>\n\t\t\t\t\t\t\t\t<span class=\"elementor-accordion-icon-opened\"><i class=\"fas fa-chevron-up\"><\/i><\/span>\n\t\t\t\t\t\t\t\t\t\t\t\t\t\t<\/span>\n\t\t\t\t\t\t\t\t\t\t\t\t<a class=\"elementor-accordion-title\" tabindex=\"0\">2009 - 2016. El gas i l\u2019electricitat<\/a>\n\t\t\t\t\t<\/div>\n\t\t\t\t\t<div id=\"elementor-tab-content-2505\" class=\"elementor-tab-content elementor-clearfix\" data-tab=\"5\" role=\"region\" aria-labelledby=\"elementor-tab-title-2505\"><p>L\u20191 de setembre de 2009 es va executar l\u2019operaci\u00f3 formal de fusi\u00f3 d\u2019Uni\u00f3n Fenosa, cosa que va donar lloc a l\u2019aparici\u00f3 d\u2019una nova empresa, d\u2019una dimensi\u00f3 desconeguda, at\u00e8s que es va reunir en<br \/>una sola companyia el l\u00edder del gas natural a Espanya i quart operador mundial de gas natural liquat (GNL) amb la tercera empresa espanyola d\u2019electricitat, que disposava tamb\u00e9 d\u2019un negoci de gas d\u2019alt creixement i amb actius de qualitat.<br \/><br \/>Amb l\u2019operaci\u00f3 es va aconseguir un canvi de posicionament i de mida d\u2019una gran rellev\u00e0ncia: va passar de ser a 9 pa\u00efsos a desenvolupar activitats a 22 pa\u00efsos, amb 20 milions de clients \u2014abans 11,5\u2014 i 17 GW de pot\u00e8ncia el\u00e8ctrica instal\u00b7lada, quan abans nom\u00e9s es disposava de 4 GW. <br \/><br \/>A escala internacional, el 2014 es va crear una societat, Global Power Generation (GPG), en qu\u00e8 es van agrupar tots els actius internacionals existents en generaci\u00f3, tant convencional com renovable. Aquesta societat \u00e9s capa\u00e7 de cobrir tota la cadena de valor de la ind\u00fastria de generaci\u00f3: desenvolupament, enginyeria i construcci\u00f3 de projectes, aix\u00ed com la gesti\u00f3 i l\u2019operaci\u00f3 dels actius existents, pr\u00e0cticament en qualsevol ubicaci\u00f3 del m\u00f3n.<\/p><\/div>\n\t\t\t\t<\/div>\n\t\t\t\t\t\t\t<div class=\"elementor-accordion-item\">\n\t\t\t\t\t<div id=\"elementor-tab-title-2506\" class=\"elementor-tab-title\" data-tab=\"6\" role=\"button\" aria-controls=\"elementor-tab-content-2506\" aria-expanded=\"false\">\n\t\t\t\t\t\t\t\t\t\t\t\t\t<span class=\"elementor-accordion-icon elementor-accordion-icon-right\" aria-hidden=\"true\">\n\t\t\t\t\t\t\t\t\t\t\t\t\t\t\t<span class=\"elementor-accordion-icon-closed\"><i class=\"fas fa-chevron-down\"><\/i><\/span>\n\t\t\t\t\t\t\t\t<span class=\"elementor-accordion-icon-opened\"><i class=\"fas fa-chevron-up\"><\/i><\/span>\n\t\t\t\t\t\t\t\t\t\t\t\t\t\t<\/span>\n\t\t\t\t\t\t\t\t\t\t\t\t<a class=\"elementor-accordion-title\" tabindex=\"0\">2016 \u2013 actualitat. Nous reptes de futur<\/a>\n\t\t\t\t\t<\/div>\n\t\t\t\t\t<div id=\"elementor-tab-content-2506\" class=\"elementor-tab-content elementor-clearfix\" data-tab=\"6\" role=\"region\" aria-labelledby=\"elementor-tab-title-2506\"><p>En el context dels efectes de la crisi econ\u00f2mica i les seves conseq\u00fc\u00e8ncies, Gas Natural Fenosa va decidir al gener del 2017 posar en marxa un nou\u00a0 <a href=\"https:\/\/www.fundacionnaturgy.org\/ca\/accio-social\/pla-de-vulnerabilitat-energetica\/\" target=\"_blank\" rel=\"noopener\">Pla de Vulnerabilitat Energ\u00e8tica<\/a> en el conjunt del territori espanyol, dotat amb 4,5 milions d\u2019euros anuals. L\u2019objectiu era intensificar les actuacions que ja s\u2019estaven portant a terme i avan\u00e7ar en la sistematitzaci\u00f3 de la gesti\u00f3 de clients vulnerables, enfortint la col\u00b7laboraci\u00f3 amb les administracions p\u00fabliques i les entitats del tercer sector relacionades.<\/p><p>El 2018, per afrontar la nova etapa, la companyia va dissenyar una nova marca, Naturgy, i va modificar la denominaci\u00f3 social, que va passar de \u00abGas Natural SDG\u00bb a \u00abNaturgy Energy Group\u00bb. La nova marca deixava enrere la paraula \u00abgas\u00bb per vincular-se a un concepte m\u00e9s ampli d\u2019energia i aportava una visi\u00f3 internacional per a tots els pa\u00efsos on era present la companyia.<br \/>La marca Naturgy recull el llegat hist\u00f2ric de la companyia i conserva una part del nom anterior, i en el logotip incorpora una icona que recorda la papallona creada el 1992, per\u00f2 amb una imatge m\u00e9s simple i senzilla, en l\u00ednia amb el canvi de tipografia.<\/p><p>En l\u2019actualitat, la companyia t\u00e9 com a objectiu transformar el model de negoci actual i establir les bases per continuar creant valor per mitj\u00e0 de la transici\u00f3 energ\u00e8tica, apostant per les energies renovables, desenvolupant el gas renovable (hidrogen i biomet\u00e0) gr\u00e0cies a la posici\u00f3 de lideratge en el mercat del gas natural convencional i impulsant l\u2019efici\u00e8ncia energ\u00e8tica i l\u2019economia circular.<\/p><\/div>\n\t\t\t\t<\/div>\n\t\t\t\t\t\t\t\t<\/div>\n\t\t\t\t\t\t<\/div>\n\t\t\t\t<\/div>\n\t\t\t\t<div class=\"elementor-element elementor-element-330469f elementor-widget elementor-widget-spacer\" data-id=\"330469f\" data-element_type=\"widget\" data-widget_type=\"spacer.default\">\n\t\t\t\t<div class=\"elementor-widget-container\">\n\t\t\t\t\t\t\t<div class=\"elementor-spacer\">\n\t\t\t<div class=\"elementor-spacer-inner\"><\/div>\n\t\t<\/div>\n\t\t\t\t\t\t<\/div>\n\t\t\t\t<\/div>\n\t\t\t\t\t<\/div>\n\t\t\t\t<\/div>\n\t\t\t\t<\/div>\n\t\t","protected":false},"excerpt":{"rendered":"<p>180 anys al sector energ\u00e8tic El\u00a01843, el nostre esperit innovador ens va impulsar a iniciar la nostra activitat a Barcelona, on vam portar per primera vegada l&#8217;enllumenat p\u00fablic als carrers. Aquest mateix esperit ens continua impulsant cap a un futur ple de reptes i noves oportunitats. El\u00a02023\u00a0complim 180 anys amb una hist\u00f2ria i experi\u00e8ncia que [&hellip;]<\/p>\n","protected":false},"author":5,"featured_media":0,"parent":59726,"menu_order":1,"comment_status":"closed","ping_status":"closed","template":"","meta":{"_acf_changed":false,"footnotes":""},"class_list":["post-39936","page","type-page","status-publish","hentry"],"acf":[],"_links":{"self":[{"href":"https:\/\/www.naturgy.com\/ca\/wp-json\/wp\/v2\/pages\/39936","targetHints":{"allow":["GET"]}}],"collection":[{"href":"https:\/\/www.naturgy.com\/ca\/wp-json\/wp\/v2\/pages"}],"about":[{"href":"https:\/\/www.naturgy.com\/ca\/wp-json\/wp\/v2\/types\/page"}],"author":[{"embeddable":true,"href":"https:\/\/www.naturgy.com\/ca\/wp-json\/wp\/v2\/users\/5"}],"replies":[{"embeddable":true,"href":"https:\/\/www.naturgy.com\/ca\/wp-json\/wp\/v2\/comments?post=39936"}],"version-history":[{"count":30,"href":"https:\/\/www.naturgy.com\/ca\/wp-json\/wp\/v2\/pages\/39936\/revisions"}],"predecessor-version":[{"id":100692,"href":"https:\/\/www.naturgy.com\/ca\/wp-json\/wp\/v2\/pages\/39936\/revisions\/100692"}],"up":[{"embeddable":true,"href":"https:\/\/www.naturgy.com\/ca\/wp-json\/wp\/v2\/pages\/59726"}],"wp:attachment":[{"href":"https:\/\/www.naturgy.com\/ca\/wp-json\/wp\/v2\/media?parent=39936"}],"curies":[{"name":"wp","href":"https:\/\/api.w.org\/{rel}","templated":true}]}}