{"id":41621,"date":"2023-01-20T15:57:52","date_gmt":"2023-01-20T14:57:52","guid":{"rendered":"https:\/\/www.naturgy.com\/sostenibilitat\/amb-la-societat\/dia-solidario\/"},"modified":"2025-03-12T19:11:15","modified_gmt":"2025-03-12T18:11:15","slug":"dia-solidario","status":"publish","type":"page","link":"https:\/\/www.naturgy.com\/ca\/sostenibilitat\/amb-la-societat\/dia-solidario\/","title":{"rendered":"Dia Solidari"},"content":{"rendered":"\t\t<div data-elementor-type=\"wp-page\" data-elementor-id=\"41621\" class=\"elementor elementor-41621 elementor-12513\" data-elementor-post-type=\"page\">\n\t\t\t\t<div class=\"elementor-element elementor-element-25964039 e-flex e-con-boxed e-con e-parent\" data-id=\"25964039\" data-element_type=\"container\">\n\t\t\t\t\t<div class=\"e-con-inner\">\n\t\t<div class=\"elementor-element elementor-element-6a0e9010 e-con-full e-flex e-con e-child\" data-id=\"6a0e9010\" data-element_type=\"container\">\n\t\t\t\t<div class=\"elementor-element elementor-element-237d2dc8 elementor-widget elementor-widget-shortcode\" data-id=\"237d2dc8\" data-element_type=\"widget\" data-widget_type=\"shortcode.default\">\n\t\t\t\t<div class=\"elementor-widget-container\">\n\t\t\t\t\t\t\t<div class=\"elementor-shortcode\"><nav aria-label=\"breadcrumbs\" class=\"rank-math-breadcrumb\"><p><span class=\"last\">Inici<\/span><\/p><\/nav><\/div>\n\t\t\t\t\t\t<\/div>\n\t\t\t\t<\/div>\n\t\t\t\t<div class=\"elementor-element elementor-element-71d40996 elementor-widget elementor-widget-heading\" data-id=\"71d40996\" data-element_type=\"widget\" data-widget_type=\"heading.default\">\n\t\t\t\t<div class=\"elementor-widget-container\">\n\t\t\t\t\t<h1 class=\"elementor-heading-title elementor-size-default\">Dia Solidari<\/h1>\t\t\t\t<\/div>\n\t\t\t\t<\/div>\n\t\t\t\t<\/div>\n\t\t<div class=\"elementor-element elementor-element-7384533e e-con-full e-flex e-con e-child\" data-id=\"7384533e\" data-element_type=\"container\">\n\t\t\t\t<div class=\"elementor-element elementor-element-463b8733 elementor-widget elementor-widget-spacer\" data-id=\"463b8733\" data-element_type=\"widget\" data-widget_type=\"spacer.default\">\n\t\t\t\t<div class=\"elementor-widget-container\">\n\t\t\t\t\t\t\t<div class=\"elementor-spacer\">\n\t\t\t<div class=\"elementor-spacer-inner\"><\/div>\n\t\t<\/div>\n\t\t\t\t\t\t<\/div>\n\t\t\t\t<\/div>\n\t\t\t\t<div class=\"elementor-element elementor-element-4737611d elementor-widget elementor-widget-image\" data-id=\"4737611d\" data-element_type=\"widget\" data-widget_type=\"image.default\">\n\t\t\t\t<div class=\"elementor-widget-container\">\n\t\t\t\t\t\t\t\t\t\t\t\t<figure class=\"wp-caption\">\n\t\t\t\t\t\t\t\t\t\t<img fetchpriority=\"high\" decoding=\"async\" width=\"975\" height=\"257\" src=\"https:\/\/www.naturgy.com\/\/app\/uploads\/2023\/02\/dia_solidario_logo.jpg\" class=\"attachment-full size-full wp-image-25926\" alt=\"\" srcset=\"https:\/\/www.naturgy.com\/\/app\/uploads\/2023\/02\/dia_solidario_logo.jpg 975w, https:\/\/www.naturgy.com\/\/app\/uploads\/2023\/02\/dia_solidario_logo-300x79.jpg 300w, https:\/\/www.naturgy.com\/\/app\/uploads\/2023\/02\/dia_solidario_logo-768x202.jpg 768w\" sizes=\"(max-width: 975px) 100vw, 975px\" \/>\t\t\t\t\t\t\t\t\t\t\t<figcaption class=\"widget-image-caption wp-caption-text\"><\/figcaption>\n\t\t\t\t\t\t\t\t\t\t<\/figure>\n\t\t\t\t\t\t\t\t\t<\/div>\n\t\t\t\t<\/div>\n\t\t\t\t<\/div>\n\t\t<div class=\"elementor-element elementor-element-6ab6f658 e-con-full e-flex e-con e-child\" data-id=\"6ab6f658\" data-element_type=\"container\">\n\t\t\t\t<div class=\"elementor-element elementor-element-4ef2d777 elementor-widget elementor-widget-spacer\" data-id=\"4ef2d777\" data-element_type=\"widget\" data-widget_type=\"spacer.default\">\n\t\t\t\t<div class=\"elementor-widget-container\">\n\t\t\t\t\t\t\t<div class=\"elementor-spacer\">\n\t\t\t<div class=\"elementor-spacer-inner\"><\/div>\n\t\t<\/div>\n\t\t\t\t\t\t<\/div>\n\t\t\t\t<\/div>\n\t\t\t\t<\/div>\n\t\t\t\t\t<\/div>\n\t\t\t\t<\/div>\n\t\t<div class=\"elementor-element elementor-element-1cdfeac e-flex e-con-boxed e-con e-parent\" data-id=\"1cdfeac\" data-element_type=\"container\">\n\t\t\t\t\t<div class=\"e-con-inner\">\n\t\t<div class=\"elementor-element elementor-element-4e60db3 e-flex e-con-boxed e-con e-child\" data-id=\"4e60db3\" data-element_type=\"container\">\n\t\t\t\t\t<div class=\"e-con-inner\">\n\t\t<div class=\"elementor-element elementor-element-1cf97e9 e-con-full e-flex e-con e-child\" data-id=\"1cf97e9\" data-element_type=\"container\">\n\t\t\t\t<div class=\"elementor-element elementor-element-d1b5190 elementor-widget elementor-widget-text-editor\" data-id=\"d1b5190\" data-element_type=\"widget\" data-widget_type=\"text-editor.default\">\n\t\t\t\t<div class=\"elementor-widget-container\">\n\t\t\t\t\t\t\t\t\t<p><strong>Dia Solidari \u00e9s una associaci\u00f3 sense \u00e0nim de lucre<\/strong>, legalment constitu\u00efda i inscrita en el Registre d\u2019Associacions d\u2019Espanya, creada el 1997 pels\u00a0<strong>nostres empleats<\/strong>\u00a0i que t\u00e9 com a finalitat social el foment de l\u2019<strong>educaci\u00f3 de la infantesa i la joventut<\/strong>\u00a0i la\u00a0<strong>millora de les condicions de vida de les comunitats m\u00e9s desfavorides<\/strong>\u00a0als pa\u00efsos on Gas Natural Fenosa desenvolupa la seva activitat empresarial.<br \/>\u00a0<\/p><div>La\u00a0<strong>gesti\u00f3 i l\u2019administraci\u00f3 de l\u2019associaci\u00f3<\/strong>\u00a0correspon a la seva\u00a0<strong>Junta Directiva<\/strong>, composta per empleats de l\u2019empresa que actuen de manera\u00a0<strong>volunt\u00e0ria i desinteressada<\/strong>. La Junta Directiva compta amb<strong>\u00a0l\u2019assessorament i el suport de molts altres professionals<\/strong>\u00a0de l\u2019empresa, que presten volunt\u00e0riament el seu temps i coneixements a les \u00e0rees de Fiscal, Auditoria interna, Jur\u00eddica, Economicoadministrativa i Comunicaci\u00f3; i tamb\u00e9 amb la\u00a0<strong>col\u00b7laboraci\u00f3 de voluntaris<\/strong>\u00a0en les diferents empreses del nostre\u00a0grup, que s\u2019encarreguen de\u00a0<strong>divulgar els objectius de la iniciativa i la captaci\u00f3 de socis<\/strong>. Aix\u00ed mateix, Dia Solidari compta a cada pa\u00eds amb el suport d\u2019empleats voluntaris que gestionen les aportacions dels socis locals i que supervisen els projectes.<\/div>\t\t\t\t\t\t\t\t<\/div>\n\t\t\t\t<\/div>\n\t\t\t\t<\/div>\n\t\t\t\t\t<\/div>\n\t\t\t\t<\/div>\n\t\t<div class=\"elementor-element elementor-element-2c99d3c e-flex e-con-boxed e-con e-child\" data-id=\"2c99d3c\" data-element_type=\"container\">\n\t\t\t\t\t<div class=\"e-con-inner\">\n\t\t\t\t<div class=\"elementor-element elementor-element-6f94df2 elementor-widget elementor-widget-image\" data-id=\"6f94df2\" data-element_type=\"widget\" data-widget_type=\"image.default\">\n\t\t\t\t<div class=\"elementor-widget-container\">\n\t\t\t\t\t\t\t\t\t\t\t\t\t\t\t<img decoding=\"async\" width=\"700\" height=\"465\" src=\"https:\/\/www.naturgy.com\/\/app\/uploads\/2023\/04\/dia-solidario-1.jpg\" class=\"attachment-large size-large wp-image-65218\" alt=\"\" srcset=\"https:\/\/www.naturgy.com\/\/app\/uploads\/2023\/04\/dia-solidario-1.jpg 700w, https:\/\/www.naturgy.com\/\/app\/uploads\/2023\/04\/dia-solidario-1-300x199.jpg 300w\" sizes=\"(max-width: 700px) 100vw, 700px\" \/>\t\t\t\t\t\t\t\t\t\t\t\t\t\t\t<\/div>\n\t\t\t\t<\/div>\n\t\t\t\t\t<\/div>\n\t\t\t\t<\/div>\n\t\t\t\t\t<\/div>\n\t\t\t\t<\/div>\n\t\t<div class=\"elementor-element elementor-element-f945906 e-con-full e-flex e-con e-parent\" data-id=\"f945906\" data-element_type=\"container\">\n\t\t\t\t<div class=\"elementor-element elementor-element-b37ecbd elementor-widget elementor-widget-spacer\" data-id=\"b37ecbd\" data-element_type=\"widget\" data-widget_type=\"spacer.default\">\n\t\t\t\t<div class=\"elementor-widget-container\">\n\t\t\t\t\t\t\t<div class=\"elementor-spacer\">\n\t\t\t<div class=\"elementor-spacer-inner\"><\/div>\n\t\t<\/div>\n\t\t\t\t\t\t<\/div>\n\t\t\t\t<\/div>\n\t\t\t\t<\/div>\n\t\t<div class=\"elementor-element elementor-element-b46764c grid col-4 e-flex e-con-boxed e-con e-parent\" data-id=\"b46764c\" data-element_type=\"container\">\n\t\t\t\t\t<div class=\"e-con-inner\">\n\t\t<div class=\"elementor-element elementor-element-7806355 e-con-full e-flex e-con e-child\" data-id=\"7806355\" data-element_type=\"container\">\n\t\t\t\t<div class=\"elementor-element elementor-element-d055a23 elementor-widget elementor-widget-heading\" data-id=\"d055a23\" data-element_type=\"widget\" data-widget_type=\"heading.default\">\n\t\t\t\t<div class=\"elementor-widget-container\">\n\t\t\t\t\t<div class=\"elementor-heading-title elementor-size-default\">Junta Directiva<\/div>\t\t\t\t<\/div>\n\t\t\t\t<\/div>\n\t\t\t\t<div class=\"elementor-element elementor-element-b0865c3 elementor-view-default elementor-widget elementor-widget-icon\" data-id=\"b0865c3\" data-element_type=\"widget\" data-widget_type=\"icon.default\">\n\t\t\t\t<div class=\"elementor-widget-container\">\n\t\t\t\t\t\t\t<div class=\"elementor-icon-wrapper\">\n\t\t\t<div class=\"elementor-icon\">\n\t\t\t<i aria-hidden=\"true\" class=\"personas personas-gente2\"><\/i>\t\t\t<\/div>\n\t\t<\/div>\n\t\t\t\t\t\t<\/div>\n\t\t\t\t<\/div>\n\t\t\t\t<div class=\"elementor-element elementor-element-63869c0 elementor-widget elementor-widget-text-editor\" data-id=\"63869c0\" data-element_type=\"widget\" data-widget_type=\"text-editor.default\">\n\t\t\t\t<div class=\"elementor-widget-container\">\n\t\t\t\t\t\t\t\t\t<div>Actualment, la Junta Directiva est\u00e0<strong>\u00a0integrada per les persones seg\u00fcents<\/strong>:<\/div><p>Ester Sevilla Garc\u00eda <em>Presidenta<\/em><br \/>Javier Fern\u00e1ndez O\u00f1a <em>Vicepresident<\/em><br \/>Bel\u00e9n Serrano Ortega <em>Tresorera<\/em><br \/>Mar\u00eda del Carmen Jim\u00e9nez Sayago <em>Secret\u00e0ria<\/em><br \/>Carmen Mateos Rodr\u00edguez <em>Vocal<\/em><br \/>Cristina L\u00f3pez Caba\u00f1as <em>Vocal<\/em><br \/>Roberto Franza \u00c1lvarez <em>Vocal<\/em><br \/>Noelia L\u00f3pez L\u00f3pez <em>Vocal<\/em><br \/>Rebeca Garc\u00eda- Miguel Hern\u00e1ndez <em>Vocal<\/em><br \/>Milagros Villena P\u00e9rez <em>Vocal<\/em><\/p>\t\t\t\t\t\t\t\t<\/div>\n\t\t\t\t<\/div>\n\t\t\t\t<\/div>\n\t\t<div class=\"elementor-element elementor-element-b1a25cc e-con-full e-flex e-con e-child\" data-id=\"b1a25cc\" data-element_type=\"container\">\n\t\t\t\t<div class=\"elementor-element elementor-element-cad23a3 elementor-widget elementor-widget-heading\" data-id=\"cad23a3\" data-element_type=\"widget\" data-widget_type=\"heading.default\">\n\t\t\t\t<div class=\"elementor-widget-container\">\n\t\t\t\t\t<div class=\"elementor-heading-title elementor-size-default\">Finan\u00e7ament<\/div>\t\t\t\t<\/div>\n\t\t\t\t<\/div>\n\t\t\t\t<div class=\"elementor-element elementor-element-f22e651 elementor-view-default elementor-widget elementor-widget-icon\" data-id=\"f22e651\" data-element_type=\"widget\" data-widget_type=\"icon.default\">\n\t\t\t\t<div class=\"elementor-widget-container\">\n\t\t\t\t\t\t\t<div class=\"elementor-icon-wrapper\">\n\t\t\t<div class=\"elementor-icon\">\n\t\t\t<i aria-hidden=\"true\" class=\"economia economia-hucha\"><\/i>\t\t\t<\/div>\n\t\t<\/div>\n\t\t\t\t\t\t<\/div>\n\t\t\t\t<\/div>\n\t\t\t\t<div class=\"elementor-element elementor-element-361dba1 elementor-widget elementor-widget-text-editor\" data-id=\"361dba1\" data-element_type=\"widget\" data-widget_type=\"text-editor.default\">\n\t\t\t\t<div class=\"elementor-widget-container\">\n\t\t\t\t\t\t\t\t\t<p>Les activitats de Dia Solidari es\u00a0<strong>financen mitjan\u00e7ant les aportacions dels nostres empleats<\/strong>\u00a0a tot el m\u00f3n, que cedeixen volunt\u00e0riament un dia del seu sou anual, i les\u00a0<strong>aportacions de les empreses<\/strong>\u00a0del grup, que dupliquen la quantitat recaptada anualment entre els seus empleats.<br \/><br \/>Des del grup,<strong>\u00a0tamb\u00e9 assumim les despeses i aportem els recursos necessaris<\/strong>\u00a0per a la gesti\u00f3 de l\u2019associaci\u00f3, a fi que el 100% de l\u2019import recaptat es destini \u00edntegrament als projectes.<\/p>\t\t\t\t\t\t\t\t<\/div>\n\t\t\t\t<\/div>\n\t\t\t\t<\/div>\n\t\t<div class=\"elementor-element elementor-element-90371d6 e-con-full e-flex e-con e-child\" data-id=\"90371d6\" data-element_type=\"container\">\n\t\t\t\t<div class=\"elementor-element elementor-element-d4beafe elementor-widget elementor-widget-heading\" data-id=\"d4beafe\" data-element_type=\"widget\" data-widget_type=\"heading.default\">\n\t\t\t\t<div class=\"elementor-widget-container\">\n\t\t\t\t\t<div class=\"elementor-heading-title elementor-size-default\">Premis<\/div>\t\t\t\t<\/div>\n\t\t\t\t<\/div>\n\t\t\t\t<div class=\"elementor-element elementor-element-c7c43f0 elementor-view-default elementor-widget elementor-widget-icon\" data-id=\"c7c43f0\" data-element_type=\"widget\" data-widget_type=\"icon.default\">\n\t\t\t\t<div class=\"elementor-widget-container\">\n\t\t\t\t\t\t\t<div class=\"elementor-icon-wrapper\">\n\t\t\t<div class=\"elementor-icon\">\n\t\t\t<i aria-hidden=\"true\" class=\"graficas graficas-medalla1\"><\/i>\t\t\t<\/div>\n\t\t<\/div>\n\t\t\t\t\t\t<\/div>\n\t\t\t\t<\/div>\n\t\t\t\t<div class=\"elementor-element elementor-element-b23e514 elementor-widget elementor-widget-text-editor\" data-id=\"b23e514\" data-element_type=\"widget\" data-widget_type=\"text-editor.default\">\n\t\t\t\t<div class=\"elementor-widget-container\">\n\t\t\t\t\t\t\t\t\t<p><strong>Any 2013:\u00a0<\/strong>Premi Codespa a la contribuci\u00f3 solid\u00e0ria del sector privat en la lluita contra la pobresa.<br \/><br \/><strong>Any 2012<\/strong>: Premi de la Fundaci\u00f3 Cercle d\u2019Economia al Patrocini i Mecenatge Empresarial categoria Pablo Dur\u00e1n Thornberg, en la modalitat de voluntariat corporatiu.<br \/><br \/><strong>Any 2004<\/strong>: Premi de la Fundaci\u00f3n Empresa y Sociedad en la modalitat \u201cMillor acci\u00f3 social en col\u00b7laboraci\u00f3 amb els empleats\u201d.<br \/><br \/><strong>Any 2003<\/strong>: Premi de la Fundaci\u00f3n CODESPA en reconeixement de la seva tasca solid\u00e0ria en pa\u00efsos desfavorits.<br \/><br \/>\u00a0<strong>Any 1998<\/strong>: Premi de Nacions Unides al Servei P\u00fablic.<\/p>\t\t\t\t\t\t\t\t<\/div>\n\t\t\t\t<\/div>\n\t\t\t\t<\/div>\n\t\t\t\t\t<\/div>\n\t\t\t\t<\/div>\n\t\t<div class=\"elementor-element elementor-element-03126f2 e-con-full e-flex e-con e-parent\" data-id=\"03126f2\" data-element_type=\"container\">\n\t\t\t\t<div class=\"elementor-element elementor-element-44cc128 elementor-widget elementor-widget-spacer\" data-id=\"44cc128\" data-element_type=\"widget\" data-widget_type=\"spacer.default\">\n\t\t\t\t<div class=\"elementor-widget-container\">\n\t\t\t\t\t\t\t<div class=\"elementor-spacer\">\n\t\t\t<div class=\"elementor-spacer-inner\"><\/div>\n\t\t<\/div>\n\t\t\t\t\t\t<\/div>\n\t\t\t\t<\/div>\n\t\t\t\t<\/div>\n\t\t<div class=\"elementor-element elementor-element-7ef931d e-flex e-con-boxed e-con e-parent\" data-id=\"7ef931d\" data-element_type=\"container\">\n\t\t\t\t\t<div class=\"e-con-inner\">\n\t\t\t\t<div class=\"elementor-element elementor-element-e6c0a09 elementor-widget elementor-widget-heading\" data-id=\"e6c0a09\" data-element_type=\"widget\" data-widget_type=\"heading.default\">\n\t\t\t\t<div class=\"elementor-widget-container\">\n\t\t\t\t\t<h3 class=\"elementor-heading-title elementor-size-default\">Adjudicaci\u00f3 de nous projectes<\/h3>\t\t\t\t<\/div>\n\t\t\t\t<\/div>\n\t\t\t\t<div class=\"elementor-element elementor-element-98bcfe0 elementor-widget elementor-widget-text-editor\" data-id=\"98bcfe0\" data-element_type=\"widget\" data-widget_type=\"text-editor.default\">\n\t\t\t\t<div class=\"elementor-widget-container\">\n\t\t\t\t\t\t\t\t\t<p>En la\u00a0<strong>convocat\u00f2ria que Dia Solidari va fer a Panam\u00e0<\/strong>\u00a0per a l\u2019aplicaci\u00f3 dels fons recaptats per l\u2019associaci\u00f3 en l\u2019exercici 2019, han resultat adjudicataris els projectes seg\u00fcents:<br \/>\u00a0<\/p><ul><li><strong>\u201cAmb Dia Solidari cap a la Vict\u00f2ria\u201d<\/strong>, en col\u00b7laboraci\u00f3 amb la Fundaci\u00f3 T\u2019ofereixo una oportunitat.<\/li><li><strong>\u201cAmb la col\u00b7laboraci\u00f3 de Dia Solidari, culmino els meus estudis\u201d<\/strong>, en col\u00b7laboraci\u00f3 amb la Universitat de Panam\u00e0.<\/li><li><strong>\u201cBeca Dia Solidari &#8211; Acaba els teus estudis\u201d<\/strong>, en col\u00b7laboraci\u00f3 amb la Universitat T\u00e8cnica de Panam\u00e0.<\/li><\/ul><p><br \/>Volem\u00a0<strong>agrair a la resta d\u2019entitats<\/strong>\u00a0que no han estat seleccionades la seva participaci\u00f3 en la convocat\u00f2ria i la qualitat mostrada en les candidatures.<\/p>\t\t\t\t\t\t\t\t<\/div>\n\t\t\t\t<\/div>\n\t\t\t\t\t<\/div>\n\t\t\t\t<\/div>\n\t\t<div class=\"elementor-element elementor-element-98f6708 e-con-full e-flex e-con e-parent\" data-id=\"98f6708\" data-element_type=\"container\">\n\t\t\t\t<div class=\"elementor-element elementor-element-ba20b8c elementor-widget elementor-widget-spacer\" data-id=\"ba20b8c\" data-element_type=\"widget\" data-widget_type=\"spacer.default\">\n\t\t\t\t<div class=\"elementor-widget-container\">\n\t\t\t\t\t\t\t<div class=\"elementor-spacer\">\n\t\t\t<div class=\"elementor-spacer-inner\"><\/div>\n\t\t<\/div>\n\t\t\t\t\t\t<\/div>\n\t\t\t\t<\/div>\n\t\t\t\t<\/div>\n\t\t<div class=\"elementor-element elementor-element-e95d981 e-flex e-con-boxed e-con e-parent\" data-id=\"e95d981\" data-element_type=\"container\">\n\t\t\t\t\t<div class=\"e-con-inner\">\n\t\t\t\t<div class=\"elementor-element elementor-element-a7f0f22 elementor-widget elementor-widget-heading\" data-id=\"a7f0f22\" data-element_type=\"widget\" data-widget_type=\"heading.default\">\n\t\t\t\t<div class=\"elementor-widget-container\">\n\t\t\t\t\t<h3 class=\"elementor-heading-title elementor-size-default\">Convocat\u00f2ria d\u2019ajuts per a projectes socials<\/h3>\t\t\t\t<\/div>\n\t\t\t\t<\/div>\n\t\t\t\t<div class=\"elementor-element elementor-element-ead4214 elementor-widget elementor-widget-text-editor\" data-id=\"ead4214\" data-element_type=\"widget\" data-widget_type=\"text-editor.default\">\n\t\t\t\t<div class=\"elementor-widget-container\">\n\t\t\t\t\t\t\t\t\t<p>Dia Solidari destinar\u00e0 la part adequada de la recaptaci\u00f3 de la campanya de 2024 a la realitzaci\u00f3 d&#8217;<strong>un o diversos projectes educatius a Val\u00e8ncia<\/strong> a partir de l&#8217;any 2025 per a donar suport als afectats per la\u00a0DANA\u00a0d&#8217;octubre de 2024 i col\u00b7laborar en la reconstrucci\u00f3, sempre en l&#8217;\u00e0mbit de l&#8217;educaci\u00f3.<br \/><br \/>Es convida a participar en la convocat\u00f2ria a organitzacions sense \u00e0nim de lucre (associacions, fundacions i institucions en general dedicades a l&#8217;educaci\u00f3), aix\u00ed com a les pr\u00f2pies institucions educatives locals, com ara: Universitats, Facultats, Centres de Formaci\u00f3 T\u00e8cnica i\/o Professional (d&#8217;ara endavant Entitats Col\u00b7laboradores), col\u00b7legis i instituts.<br \/><br \/>Les entitats col\u00b7laboradores interessades hauran d&#8217;enviar el formulari de participaci\u00f3 degudament emplenat i acompanyat de la informaci\u00f3 sol\u00b7licitada a l&#8217;adre\u00e7a d&#8217;email que trobaran en les bases, <strong>no m\u00e9s tard del 30 d&#8217;abril de 2025.<\/strong><\/p>\t\t\t\t\t\t\t\t<\/div>\n\t\t\t\t<\/div>\n\t\t\t\t\t<\/div>\n\t\t\t\t<\/div>\n\t\t<div class=\"elementor-element elementor-element-0515cfa e-con-full e-flex e-con e-parent\" data-id=\"0515cfa\" data-element_type=\"container\">\n\t\t\t\t<div class=\"elementor-element elementor-element-728fe89 elementor-widget elementor-widget-spacer\" data-id=\"728fe89\" data-element_type=\"widget\" data-widget_type=\"spacer.default\">\n\t\t\t\t<div class=\"elementor-widget-container\">\n\t\t\t\t\t\t\t<div class=\"elementor-spacer\">\n\t\t\t<div class=\"elementor-spacer-inner\"><\/div>\n\t\t<\/div>\n\t\t\t\t\t\t<\/div>\n\t\t\t\t<\/div>\n\t\t\t\t<\/div>\n\t\t<div class=\"elementor-element elementor-element-8244948 grid col-4 e-flex e-con-boxed e-con e-parent\" data-id=\"8244948\" data-element_type=\"container\">\n\t\t\t\t\t<div class=\"e-con-inner\">\n\t\t<div class=\"elementor-element elementor-element-523f5cc e-con-full e-flex e-con e-child\" data-id=\"523f5cc\" data-element_type=\"container\">\n\t\t\t\t<div class=\"elementor-element elementor-element-35519dc elementor-view-default elementor-widget elementor-widget-icon\" data-id=\"35519dc\" data-element_type=\"widget\" data-widget_type=\"icon.default\">\n\t\t\t\t<div class=\"elementor-widget-container\">\n\t\t\t\t\t\t\t<div class=\"elementor-icon-wrapper\">\n\t\t\t<div class=\"elementor-icon\">\n\t\t\t<i aria-hidden=\"true\" class=\"oficina oficina-diccionario-buscar-datos\"><\/i>\t\t\t<\/div>\n\t\t<\/div>\n\t\t\t\t\t\t<\/div>\n\t\t\t\t<\/div>\n\t\t\t\t<div class=\"elementor-element elementor-element-4524264 elementor-align-center elementor-widget elementor-widget-button\" data-id=\"4524264\" data-element_type=\"widget\" data-widget_type=\"button.default\">\n\t\t\t\t<div class=\"elementor-widget-container\">\n\t\t\t\t\t\t\t\t\t<div class=\"elementor-button-wrapper\">\n\t\t\t\t\t<a class=\"elementor-button elementor-button-link elementor-size-sm\" href=\"https:\/\/stproportalcorporativo.blob.core.windows.net\/uploads\/2025\/03\/BASES-CONVOCATORIA-DS-Valencia-2025.pdf\" target=\"_blank\" rel=\"noopener\">\n\t\t\t\t\t\t<span class=\"elementor-button-content-wrapper\">\n\t\t\t\t\t\t\t\t\t<span class=\"elementor-button-text\">Bases convocat\u00f2ria<\/span>\n\t\t\t\t\t<\/span>\n\t\t\t\t\t<\/a>\n\t\t\t\t<\/div>\n\t\t\t\t\t\t\t\t<\/div>\n\t\t\t\t<\/div>\n\t\t\t\t<\/div>\n\t\t<div class=\"elementor-element elementor-element-c5b7476 e-con-full e-flex e-con e-child\" data-id=\"c5b7476\" data-element_type=\"container\">\n\t\t\t\t<div class=\"elementor-element elementor-element-bc2bcc7 elementor-view-default elementor-widget elementor-widget-icon\" data-id=\"bc2bcc7\" data-element_type=\"widget\" data-widget_type=\"icon.default\">\n\t\t\t\t<div class=\"elementor-widget-container\">\n\t\t\t\t\t\t\t<div class=\"elementor-icon-wrapper\">\n\t\t\t<div class=\"elementor-icon\">\n\t\t\t<i aria-hidden=\"true\" class=\"oficina oficina-dis-raton\"><\/i>\t\t\t<\/div>\n\t\t<\/div>\n\t\t\t\t\t\t<\/div>\n\t\t\t\t<\/div>\n\t\t\t\t<div class=\"elementor-element elementor-element-c35a1b7 elementor-align-center elementor-widget elementor-widget-button\" data-id=\"c35a1b7\" data-element_type=\"widget\" data-widget_type=\"button.default\">\n\t\t\t\t<div class=\"elementor-widget-container\">\n\t\t\t\t\t\t\t\t\t<div class=\"elementor-button-wrapper\">\n\t\t\t\t\t<a class=\"elementor-button elementor-button-link elementor-size-sm\" href=\"https:\/\/stproportalcorporativo.blob.core.windows.net\/uploads\/2025\/03\/FORMULARIO-CONVOCATORIA-BECAS-DS-Valencia-2025.pdf\" target=\"_blank\" rel=\"noopener\">\n\t\t\t\t\t\t<span class=\"elementor-button-content-wrapper\">\n\t\t\t\t\t\t\t\t\t<span class=\"elementor-button-text\">Formulari beques<\/span>\n\t\t\t\t\t<\/span>\n\t\t\t\t\t<\/a>\n\t\t\t\t<\/div>\n\t\t\t\t\t\t\t\t<\/div>\n\t\t\t\t<\/div>\n\t\t\t\t<\/div>\n\t\t<div class=\"elementor-element elementor-element-c3323d0 e-con-full e-flex e-con e-child\" data-id=\"c3323d0\" data-element_type=\"container\">\n\t\t\t\t<div class=\"elementor-element elementor-element-e2b27ae elementor-view-default elementor-widget elementor-widget-icon\" data-id=\"e2b27ae\" data-element_type=\"widget\" data-widget_type=\"icon.default\">\n\t\t\t\t<div class=\"elementor-widget-container\">\n\t\t\t\t\t\t\t<div class=\"elementor-icon-wrapper\">\n\t\t\t<div class=\"elementor-icon\">\n\t\t\t<i aria-hidden=\"true\" class=\"oficina oficina-dis-raton\"><\/i>\t\t\t<\/div>\n\t\t<\/div>\n\t\t\t\t\t\t<\/div>\n\t\t\t\t<\/div>\n\t\t\t\t<div class=\"elementor-element elementor-element-c53879c elementor-align-center elementor-widget elementor-widget-button\" data-id=\"c53879c\" data-element_type=\"widget\" data-widget_type=\"button.default\">\n\t\t\t\t<div class=\"elementor-widget-container\">\n\t\t\t\t\t\t\t\t\t<div class=\"elementor-button-wrapper\">\n\t\t\t\t\t<a class=\"elementor-button elementor-button-link elementor-size-sm\" href=\"https:\/\/stproportalcorporativo.blob.core.windows.net\/uploads\/2025\/03\/FORMULARIO-CONVOCATORIA-INFRAESTRUCTURAS-DS-Valencia-2025.pdf\" target=\"_blank\" rel=\"noopener\">\n\t\t\t\t\t\t<span class=\"elementor-button-content-wrapper\">\n\t\t\t\t\t\t\t\t\t<span class=\"elementor-button-text\">Formulari  infraestructures<\/span>\n\t\t\t\t\t<\/span>\n\t\t\t\t\t<\/a>\n\t\t\t\t<\/div>\n\t\t\t\t\t\t\t\t<\/div>\n\t\t\t\t<\/div>\n\t\t\t\t<\/div>\n\t\t\t\t\t<\/div>\n\t\t\t\t<\/div>\n\t\t<div class=\"elementor-element elementor-element-8528bed e-con-full e-flex e-con e-parent\" data-id=\"8528bed\" data-element_type=\"container\">\n\t\t\t\t<div class=\"elementor-element elementor-element-576956a elementor-widget elementor-widget-spacer\" data-id=\"576956a\" data-element_type=\"widget\" data-widget_type=\"spacer.default\">\n\t\t\t\t<div class=\"elementor-widget-container\">\n\t\t\t\t\t\t\t<div class=\"elementor-spacer\">\n\t\t\t<div class=\"elementor-spacer-inner\"><\/div>\n\t\t<\/div>\n\t\t\t\t\t\t<\/div>\n\t\t\t\t<\/div>\n\t\t\t\t<\/div>\n\t\t<div class=\"elementor-element elementor-element-042fe08 e-flex e-con-boxed e-con e-parent\" data-id=\"042fe08\" data-element_type=\"container\">\n\t\t\t\t\t<div class=\"e-con-inner\">\n\t\t\t\t<div class=\"elementor-element elementor-element-d7e1678 elementor-widget elementor-widget-heading\" data-id=\"d7e1678\" data-element_type=\"widget\" data-widget_type=\"heading.default\">\n\t\t\t\t<div class=\"elementor-widget-container\">\n\t\t\t\t\t<h2 class=\"elementor-heading-title elementor-size-default\">Projectes en curs<\/h2>\t\t\t\t<\/div>\n\t\t\t\t<\/div>\n\t\t\t\t<div class=\"elementor-element elementor-element-f196ae4 elementor-widget elementor-widget-text-editor\" data-id=\"f196ae4\" data-element_type=\"widget\" data-widget_type=\"text-editor.default\">\n\t\t\t\t<div class=\"elementor-widget-container\">\n\t\t\t\t\t\t\t\t\t<p>Actualment hi ha\u00a0<strong>14 projectes en curs<\/strong>, amb\u00a0<strong>451 beques<\/strong>\u00a0i\u00a0<strong>2 projectes d\u2019ajuda COVID-19<\/strong>\u00a0a Espanya (beques menjador i donaci\u00f3 d\u2019ordinadors).<\/p>\t\t\t\t\t\t\t\t<\/div>\n\t\t\t\t<\/div>\n\t\t\t\t<div class=\"elementor-element elementor-element-36e57a2 has-icon elementor-widget elementor-widget-accordion\" data-id=\"36e57a2\" data-element_type=\"widget\" data-widget_type=\"accordion.default\">\n\t\t\t\t<div class=\"elementor-widget-container\">\n\t\t\t\t\t\t\t<div class=\"elementor-accordion\">\n\t\t\t\t\t\t\t<div class=\"elementor-accordion-item\">\n\t\t\t\t\t<div id=\"elementor-tab-title-5751\" class=\"elementor-tab-title\" data-tab=\"1\" role=\"button\" aria-controls=\"elementor-tab-content-5751\" aria-expanded=\"false\">\n\t\t\t\t\t\t\t\t\t\t\t\t\t<span class=\"elementor-accordion-icon elementor-accordion-icon-right\" aria-hidden=\"true\">\n\t\t\t\t\t\t\t\t\t\t\t\t\t\t\t<span class=\"elementor-accordion-icon-closed\"><i class=\"fas fa-chevron-down\"><\/i><\/span>\n\t\t\t\t\t\t\t\t<span class=\"elementor-accordion-icon-opened\"><i class=\"fas fa-chevron-up\"><\/i><\/span>\n\t\t\t\t\t\t\t\t\t\t\t\t\t\t<\/span>\n\t\t\t\t\t\t\t\t\t\t\t\t<a class=\"elementor-accordion-title\" tabindex=\"0\">Argentina<\/a>\n\t\t\t\t\t<\/div>\n\t\t\t\t\t<div id=\"elementor-tab-content-5751\" class=\"elementor-tab-content elementor-clearfix\" data-tab=\"1\" role=\"region\" aria-labelledby=\"elementor-tab-title-5751\"><p><strong>DS Argentina 2010<\/strong><br \/><strong>&#8220;Fundaci\u00f3 M\u00e0 Amiga<\/strong>&#8220;<\/p><ul><li>12 beques per a cicle de secund\u00e0ria a l\u2019Escola Mano Amiga.<\/li><li>Balan\u00e7: els 11 alumnes que segueixen en el projecte el 2019 han acabat el curs amb \u00e8xit. 10 alumnes renoven la beca.<\/li><li>Situaci\u00f3: en curs.<\/li><\/ul><\/div>\n\t\t\t\t<\/div>\n\t\t\t\t\t\t\t<div class=\"elementor-accordion-item\">\n\t\t\t\t\t<div id=\"elementor-tab-title-5752\" class=\"elementor-tab-title\" data-tab=\"2\" role=\"button\" aria-controls=\"elementor-tab-content-5752\" aria-expanded=\"false\">\n\t\t\t\t\t\t\t\t\t\t\t\t\t<span class=\"elementor-accordion-icon elementor-accordion-icon-right\" aria-hidden=\"true\">\n\t\t\t\t\t\t\t\t\t\t\t\t\t\t\t<span class=\"elementor-accordion-icon-closed\"><i class=\"fas fa-chevron-down\"><\/i><\/span>\n\t\t\t\t\t\t\t\t<span class=\"elementor-accordion-icon-opened\"><i class=\"fas fa-chevron-up\"><\/i><\/span>\n\t\t\t\t\t\t\t\t\t\t\t\t\t\t<\/span>\n\t\t\t\t\t\t\t\t\t\t\t\t<a class=\"elementor-accordion-title\" tabindex=\"0\">Brasil<\/a>\n\t\t\t\t\t<\/div>\n\t\t\t\t\t<div id=\"elementor-tab-content-5752\" class=\"elementor-tab-content elementor-clearfix\" data-tab=\"2\" role=\"region\" aria-labelledby=\"elementor-tab-title-5752\"><p><strong>DS Brasil 2018<\/strong><br \/><strong>&#8220;Energia del sabor&#8221;<\/strong><\/p><ul><li>20 beques per a alumnes del curs Cuiners Internacionals com a continuaci\u00f3 al projecte de 2011 i 2016.<\/li><li>Balan\u00e7: els 20 alumnes han acabat el curs amb \u00e8xit.<\/li><li>Situaci\u00f3: finalitzat.<\/li><\/ul><p>\u00a0<\/p><p><strong>DS Brasil 2018<\/strong><br \/><strong>\u201cJoves professionals en mitjans digitals\u201d<\/strong><\/p><ul><li>100 beques per a alumnes de la favela Rocinha i comunitats adjacents per a un curs d\u2019assistent audiovisual. Seran 4 promocions de 25 alumnes entre 2019 i 2023.<\/li><li>Balan\u00e7: 21 alumnes continuen els estudis el desembre de 2019.<\/li><li>Situaci\u00f3: en curs.<\/li><\/ul><p>\u00a0<\/p><p><strong>DS Brasil 2018<\/strong><br \/><strong>\u201cFacultat d\u2019Enginyeria FACENS\u201d<\/strong><\/p><ul><li>25 beques per a alumnes majors de 18 anys per a cursar la carrera universit\u00e0ria en Programaci\u00f3 de Jocs Digitals de 5 semestres de durada.<\/li><li>Balan\u00e7: 21 alumnes continuen els estudis a finals de 2019.<\/li><li>Situaci\u00f3: en curs.<\/li><\/ul><p>\u00a0<\/p><p><strong>DS Brasil 2018<\/strong><br \/><strong>\u201cAcad\u00e8mia d\u2019Educaci\u00f3 Sur de Piau\u00ed\u201d<\/strong><\/p><ul><li>56 beques per a alumnes entre 18 i 30 anys per a cursar formaci\u00f3 professional com a t\u00e8cnic de seguretat en el treball i t\u00e8cnic d\u2019infermeria, compatible amb l\u2019activitat laboral.<\/li><li>Balan\u00e7: en la primera promoci\u00f3 de t\u00e8cnics de seguretat en el treball, 27 alumnes prossegueixen els estudis.<\/li><li>Situaci\u00f3: en curs.<\/li><\/ul><\/div>\n\t\t\t\t<\/div>\n\t\t\t\t\t\t\t<div class=\"elementor-accordion-item\">\n\t\t\t\t\t<div id=\"elementor-tab-title-5753\" class=\"elementor-tab-title\" data-tab=\"3\" role=\"button\" aria-controls=\"elementor-tab-content-5753\" aria-expanded=\"false\">\n\t\t\t\t\t\t\t\t\t\t\t\t\t<span class=\"elementor-accordion-icon elementor-accordion-icon-right\" aria-hidden=\"true\">\n\t\t\t\t\t\t\t\t\t\t\t\t\t\t\t<span class=\"elementor-accordion-icon-closed\"><i class=\"fas fa-chevron-down\"><\/i><\/span>\n\t\t\t\t\t\t\t\t<span class=\"elementor-accordion-icon-opened\"><i class=\"fas fa-chevron-up\"><\/i><\/span>\n\t\t\t\t\t\t\t\t\t\t\t\t\t\t<\/span>\n\t\t\t\t\t\t\t\t\t\t\t\t<a class=\"elementor-accordion-title\" tabindex=\"0\">Xile<\/a>\n\t\t\t\t\t<\/div>\n\t\t\t\t\t<div id=\"elementor-tab-content-5753\" class=\"elementor-tab-content elementor-clearfix\" data-tab=\"3\" role=\"region\" aria-labelledby=\"elementor-tab-title-5753\"><p><strong>DS Xile 2016<\/strong><br \/><strong>&#8220;Fundaci\u00f3 Fundamor&#8221; <\/strong><\/p><ul><li>4 beques a estudiants que resideixen a les llars de Fundamor.<\/li><li>Balan\u00e7: tots els estudiants segueixen en el projecte.<\/li><li>Situaci\u00f3: en curs.<\/li><\/ul><p><br \/><strong>DS Xile 2015<\/strong><br \/><strong>&#8220;Fundaci\u00f3n Gesta&#8221;<\/strong><\/p><ul><li>18 beques de formaci\u00f3 t\u00e8cnica professional durant 4 anys (2016-2019).<\/li><li>Balan\u00e7: es mantenen els 18 becats.<\/li><li>Situaci\u00f3: en curs.<\/li><\/ul><\/div>\n\t\t\t\t<\/div>\n\t\t\t\t\t\t\t<div class=\"elementor-accordion-item\">\n\t\t\t\t\t<div id=\"elementor-tab-title-5754\" class=\"elementor-tab-title\" data-tab=\"4\" role=\"button\" aria-controls=\"elementor-tab-content-5754\" aria-expanded=\"false\">\n\t\t\t\t\t\t\t\t\t\t\t\t\t<span class=\"elementor-accordion-icon elementor-accordion-icon-right\" aria-hidden=\"true\">\n\t\t\t\t\t\t\t\t\t\t\t\t\t\t\t<span class=\"elementor-accordion-icon-closed\"><i class=\"fas fa-chevron-down\"><\/i><\/span>\n\t\t\t\t\t\t\t\t<span class=\"elementor-accordion-icon-opened\"><i class=\"fas fa-chevron-up\"><\/i><\/span>\n\t\t\t\t\t\t\t\t\t\t\t\t\t\t<\/span>\n\t\t\t\t\t\t\t\t\t\t\t\t<a class=\"elementor-accordion-title\" tabindex=\"0\">Marroc<\/a>\n\t\t\t\t\t<\/div>\n\t\t\t\t\t<div id=\"elementor-tab-content-5754\" class=\"elementor-tab-content elementor-clearfix\" data-tab=\"4\" role=\"region\" aria-labelledby=\"elementor-tab-title-5754\"><p><strong>DS Marroc 2012<\/strong><br \/><strong>\u201cAssociaci\u00f3 AL KHAIRIRIA DAR TALIBA&#8221; <\/strong><\/p><ul><li>24 beques per a estudiants universit\u00e0ries de la regi\u00f3 de Jorf El Melha durant 3 anys, repartides en 3 promocions (2014-2019) i 2 noves promocions (2019-2023).<\/li><li>Balan\u00e7: la 3a promoci\u00f3 (5 becades) ha acabat els estudis el 2019.<\/li><li>Situaci\u00f3: en curs.<\/li><\/ul><\/div>\n\t\t\t\t<\/div>\n\t\t\t\t\t\t\t<div class=\"elementor-accordion-item\">\n\t\t\t\t\t<div id=\"elementor-tab-title-5755\" class=\"elementor-tab-title\" data-tab=\"5\" role=\"button\" aria-controls=\"elementor-tab-content-5755\" aria-expanded=\"false\">\n\t\t\t\t\t\t\t\t\t\t\t\t\t<span class=\"elementor-accordion-icon elementor-accordion-icon-right\" aria-hidden=\"true\">\n\t\t\t\t\t\t\t\t\t\t\t\t\t\t\t<span class=\"elementor-accordion-icon-closed\"><i class=\"fas fa-chevron-down\"><\/i><\/span>\n\t\t\t\t\t\t\t\t<span class=\"elementor-accordion-icon-opened\"><i class=\"fas fa-chevron-up\"><\/i><\/span>\n\t\t\t\t\t\t\t\t\t\t\t\t\t\t<\/span>\n\t\t\t\t\t\t\t\t\t\t\t\t<a class=\"elementor-accordion-title\" tabindex=\"0\">M\u00e8xic<\/a>\n\t\t\t\t\t<\/div>\n\t\t\t\t\t<div id=\"elementor-tab-content-5755\" class=\"elementor-tab-content elementor-clearfix\" data-tab=\"5\" role=\"region\" aria-labelledby=\"elementor-tab-title-5755\"><p><strong>DS M\u00e8xic 2017<\/strong><br \/><strong>\u201cFundaci\u00f3 Carlos Elizondo<\/strong>\u201d<\/p><ul><li>40 beques a alumnes universitaris dels estats de Sinaloa i Sonora, en qu\u00e8 se subvenciona la matr\u00edcula fins que acabin els estudis.<\/li><li>Balan\u00e7: en el primer semestre de 2019 s\u2019han becat 31 estudiants i, en el segon semestre, 31.<\/li><li>Situaci\u00f3: en curs.<\/li><\/ul><p><br \/><strong>DS M\u00e8xic 2017<\/strong><br \/><strong>\u201cBatxillerat a l\u2019aire lliure\u201d<\/strong><\/p><ul><li>120 beques a alumnes de 14-18 anys del Centre de Batxillerat Tuxpan (Veracruz). Es cobreixen despeses de manteniment de l\u2019escola, material escolar, transport, manutenci\u00f3 i uniformes.<\/li><li>Balan\u00e7: en el primer semestre de 2019 s\u2019han becat 96 estudiants i, en el segon semestre, 99.<\/li><li>Situaci\u00f3: en curs.<\/li><\/ul><\/div>\n\t\t\t\t<\/div>\n\t\t\t\t\t\t\t<div class=\"elementor-accordion-item\">\n\t\t\t\t\t<div id=\"elementor-tab-title-5756\" class=\"elementor-tab-title\" data-tab=\"6\" role=\"button\" aria-controls=\"elementor-tab-content-5756\" aria-expanded=\"false\">\n\t\t\t\t\t\t\t\t\t\t\t\t\t<span class=\"elementor-accordion-icon elementor-accordion-icon-right\" aria-hidden=\"true\">\n\t\t\t\t\t\t\t\t\t\t\t\t\t\t\t<span class=\"elementor-accordion-icon-closed\"><i class=\"fas fa-chevron-down\"><\/i><\/span>\n\t\t\t\t\t\t\t\t<span class=\"elementor-accordion-icon-opened\"><i class=\"fas fa-chevron-up\"><\/i><\/span>\n\t\t\t\t\t\t\t\t\t\t\t\t\t\t<\/span>\n\t\t\t\t\t\t\t\t\t\t\t\t<a class=\"elementor-accordion-title\" tabindex=\"0\">Mold\u00e0via<\/a>\n\t\t\t\t\t<\/div>\n\t\t\t\t\t<div id=\"elementor-tab-content-5756\" class=\"elementor-tab-content elementor-clearfix\" data-tab=\"6\" role=\"region\" aria-labelledby=\"elementor-tab-title-5756\"><p><strong>DS Mold\u00e0via 2013<\/strong><br \/><strong>\u201cBeques UF Mold\u00e0via\u201d<\/strong><\/p><ul><li>Beques universit\u00e0ries per a 29 joves moldaus de baixos recursos repartides en 2 promocions.<\/li><li>Balan\u00e7: 17 alumnes han acabat els estudis i 5 estudiants m\u00e9s els continuen amb \u00e8xit.<\/li><li>Situaci\u00f3: en curs.<\/li><\/ul><\/div>\n\t\t\t\t<\/div>\n\t\t\t\t\t\t\t<div class=\"elementor-accordion-item\">\n\t\t\t\t\t<div id=\"elementor-tab-title-5757\" class=\"elementor-tab-title\" data-tab=\"7\" role=\"button\" aria-controls=\"elementor-tab-content-5757\" aria-expanded=\"false\">\n\t\t\t\t\t\t\t\t\t\t\t\t\t<span class=\"elementor-accordion-icon elementor-accordion-icon-right\" aria-hidden=\"true\">\n\t\t\t\t\t\t\t\t\t\t\t\t\t\t\t<span class=\"elementor-accordion-icon-closed\"><i class=\"fas fa-chevron-down\"><\/i><\/span>\n\t\t\t\t\t\t\t\t<span class=\"elementor-accordion-icon-opened\"><i class=\"fas fa-chevron-up\"><\/i><\/span>\n\t\t\t\t\t\t\t\t\t\t\t\t\t\t<\/span>\n\t\t\t\t\t\t\t\t\t\t\t\t<a class=\"elementor-accordion-title\" tabindex=\"0\">Nicaragua<\/a>\n\t\t\t\t\t<\/div>\n\t\t\t\t\t<div id=\"elementor-tab-content-5757\" class=\"elementor-tab-content elementor-clearfix\" data-tab=\"7\" role=\"region\" aria-labelledby=\"elementor-tab-title-5757\"><p><strong>DS Nicaragua 2007<\/strong><br \/><strong>\u201cUniversitat La Salle (ULSA)\u201d<\/strong><\/p><ul><li>Beques de continu\u00eftat per als 5 millors alumnes de cada promoci\u00f3 d\u2019IPLS.<\/li><li>Balan\u00e7: en el curs 2019 es van matricular 14 alumnes en diverses especialitats de carreres d\u2019enginyeria. 1 alumne s\u2019ha graduat i els altres 13 prossegueixen els estudis amb \u00e8xit.<\/li><li>Situaci\u00f3: en curs.<\/li><\/ul><\/div>\n\t\t\t\t<\/div>\n\t\t\t\t\t\t\t<div class=\"elementor-accordion-item\">\n\t\t\t\t\t<div id=\"elementor-tab-title-5758\" class=\"elementor-tab-title\" data-tab=\"8\" role=\"button\" aria-controls=\"elementor-tab-content-5758\" aria-expanded=\"false\">\n\t\t\t\t\t\t\t\t\t\t\t\t\t<span class=\"elementor-accordion-icon elementor-accordion-icon-right\" aria-hidden=\"true\">\n\t\t\t\t\t\t\t\t\t\t\t\t\t\t\t<span class=\"elementor-accordion-icon-closed\"><i class=\"fas fa-chevron-down\"><\/i><\/span>\n\t\t\t\t\t\t\t\t<span class=\"elementor-accordion-icon-opened\"><i class=\"fas fa-chevron-up\"><\/i><\/span>\n\t\t\t\t\t\t\t\t\t\t\t\t\t\t<\/span>\n\t\t\t\t\t\t\t\t\t\t\t\t<a class=\"elementor-accordion-title\" tabindex=\"0\">Panam\u00e0<\/a>\n\t\t\t\t\t<\/div>\n\t\t\t\t\t<div id=\"elementor-tab-content-5758\" class=\"elementor-tab-content elementor-clearfix\" data-tab=\"8\" role=\"region\" aria-labelledby=\"elementor-tab-title-5758\"><p><strong>DS Panam\u00e0 2006<\/strong><br \/><strong>\u201cBeques per a universitaris UTP i UP\u201d <\/strong><\/p><ul><li>Programa de 10 beques per a cursar estudis universitaris a partir de 3r curs.<\/li><li>Balan\u00e7: els 5 alumnes que quedaven han acabat els estudis el 2019.<\/li><li>Situaci\u00f3: finalitzat.<\/li><\/ul><p><br \/><strong>DS Panam\u00e0 2015<\/strong><br \/><strong>\u201cFundaci\u00f3 T\u2019ofereixo una oportunitat\u201d <\/strong><\/p><ul><li>32 beques de cicle de secund\u00e0ria (8\u00e8 a 12\u00e8 grau).<\/li><li>Balan\u00e7: es mantenen 25 estudiants, 2 dels quals estan en suspensi\u00f3 temporal perqu\u00e8 no arribaven al llindar de nota requerida per la beca.<\/li><li>Situaci\u00f3: en curs.<\/li><\/ul><p><br \/><strong>DS Panam\u00e0 2015<\/strong><br \/><strong>\u201cFundaci\u00f3 ben\u00e8fica Deveaux\u201d <\/strong><\/p><ul><li>20 beques de cicle universitari de 4 anys.<\/li><li>Balan\u00e7: 2 alumnes han acabat els estudis durant el 2019, 3 alumnes els continuen amb \u00e8xit i 1 est\u00e0 temporalment susp\u00e8s.<\/li><li>Situaci\u00f3: finalitzat.<\/li><\/ul><\/div>\n\t\t\t\t<\/div>\n\t\t\t\t\t\t\t<div class=\"elementor-accordion-item\">\n\t\t\t\t\t<div id=\"elementor-tab-title-5759\" class=\"elementor-tab-title\" data-tab=\"9\" role=\"button\" aria-controls=\"elementor-tab-content-5759\" aria-expanded=\"false\">\n\t\t\t\t\t\t\t\t\t\t\t\t\t<span class=\"elementor-accordion-icon elementor-accordion-icon-right\" aria-hidden=\"true\">\n\t\t\t\t\t\t\t\t\t\t\t\t\t\t\t<span class=\"elementor-accordion-icon-closed\"><i class=\"fas fa-chevron-down\"><\/i><\/span>\n\t\t\t\t\t\t\t\t<span class=\"elementor-accordion-icon-opened\"><i class=\"fas fa-chevron-up\"><\/i><\/span>\n\t\t\t\t\t\t\t\t\t\t\t\t\t\t<\/span>\n\t\t\t\t\t\t\t\t\t\t\t\t<a class=\"elementor-accordion-title\" tabindex=\"0\">Portugal<\/a>\n\t\t\t\t\t<\/div>\n\t\t\t\t\t<div id=\"elementor-tab-content-5759\" class=\"elementor-tab-content elementor-clearfix\" data-tab=\"9\" role=\"region\" aria-labelledby=\"elementor-tab-title-5759\"><p><strong>DS Portugal 2013<\/strong><br \/><strong>\u201cLar Nossa Senhora do Livramento (LNSL)\u201d <\/strong><\/p><ul><li>34 beques integrals d\u2019estudis per als cicles de prim\u00e0ria i secund\u00e0ria en diverses escoles de Porto per a nenes de la casa d\u2019acollida LNSL.<\/li><li>Balan\u00e7: 11 alumnes ja han acabat els estudis i 15 alumnes continuen estudiant amb \u00e8xit en diverses escoles de Porto.<\/li><li>Situaci\u00f3: en curs.<\/li><\/ul><\/div>\n\t\t\t\t<\/div>\n\t\t\t\t\t\t\t<div class=\"elementor-accordion-item\">\n\t\t\t\t\t<div id=\"elementor-tab-title-57510\" class=\"elementor-tab-title\" data-tab=\"10\" role=\"button\" aria-controls=\"elementor-tab-content-57510\" aria-expanded=\"false\">\n\t\t\t\t\t\t\t\t\t\t\t\t\t<span class=\"elementor-accordion-icon elementor-accordion-icon-right\" aria-hidden=\"true\">\n\t\t\t\t\t\t\t\t\t\t\t\t\t\t\t<span class=\"elementor-accordion-icon-closed\"><i class=\"fas fa-chevron-down\"><\/i><\/span>\n\t\t\t\t\t\t\t\t<span class=\"elementor-accordion-icon-opened\"><i class=\"fas fa-chevron-up\"><\/i><\/span>\n\t\t\t\t\t\t\t\t\t\t\t\t\t\t<\/span>\n\t\t\t\t\t\t\t\t\t\t\t\t<a class=\"elementor-accordion-title\" tabindex=\"0\">Nous projectes DS Argentina 2019<\/a>\n\t\t\t\t\t<\/div>\n\t\t\t\t\t<div id=\"elementor-tab-content-57510\" class=\"elementor-tab-content elementor-clearfix\" data-tab=\"10\" role=\"region\" aria-labelledby=\"elementor-tab-title-57510\"><p><strong>DS Argentina 2019<\/strong><br \/><strong>Associaci\u00f3 Civil del No-res: &#8220;La cuina del treball&#8221; <\/strong><\/p><p>80 beques destinades a dones i joves de baixos recursos per a formaci\u00f3 professional de cuina amb 4 cursos diferents: ajudants de cuina, pastissers professionals, forners professionals i mosso amb orientaci\u00f3 en organitzaci\u00f3 d\u2019esdeveniments i cocteleria.<\/p><p><br \/><strong>DS Argentina 2019<\/strong><br \/><strong>Associaci\u00f3 Lamroth Hakol: &#8220;Capacitar-se \u00e9s un dret, divertir-se tamb\u00e9&#8221;<\/strong><\/p><p>66 beques de formaci\u00f3 professional en cuina en qu\u00e8 els alumnes becats prepararan di\u00e0riament berenars per als nois dels barris lim\u00edtrofs. A m\u00e9s dels becats, hi haur\u00e0 400 beneficiaris indirectes que rebran els berenars preparats pels estudiants.<\/p><p><br \/><strong>DS Argentina 2019<\/strong><br \/><strong>Fundaci\u00f3 La Salle: &#8220;Les noies i els nois a l\u2019escola. Una estrat\u00e8gia integral per afrontar els contextos de vulnerabilitat&#8221; <\/strong><\/p><p>Projecte molt ambici\u00f3s que inclou 3 classes d\u2019iniciatives: formaci\u00f3 acad\u00e8mica, beques menjador i sortides pedag\u00f2giques amb un total de 2.458 beques per a alumnes en situaci\u00f3 de vulnerabilitat.<\/p><\/div>\n\t\t\t\t<\/div>\n\t\t\t\t\t\t\t<div class=\"elementor-accordion-item\">\n\t\t\t\t\t<div id=\"elementor-tab-title-57511\" class=\"elementor-tab-title\" data-tab=\"11\" role=\"button\" aria-controls=\"elementor-tab-content-57511\" aria-expanded=\"false\">\n\t\t\t\t\t\t\t\t\t\t\t\t\t<span class=\"elementor-accordion-icon elementor-accordion-icon-right\" aria-hidden=\"true\">\n\t\t\t\t\t\t\t\t\t\t\t\t\t\t\t<span class=\"elementor-accordion-icon-closed\"><i class=\"fas fa-chevron-down\"><\/i><\/span>\n\t\t\t\t\t\t\t\t<span class=\"elementor-accordion-icon-opened\"><i class=\"fas fa-chevron-up\"><\/i><\/span>\n\t\t\t\t\t\t\t\t\t\t\t\t\t\t<\/span>\n\t\t\t\t\t\t\t\t\t\t\t\t<a class=\"elementor-accordion-title\" tabindex=\"0\">Actuacions COVID-19 a Espanya<\/a>\n\t\t\t\t\t<\/div>\n\t\t\t\t\t<div id=\"elementor-tab-content-57511\" class=\"elementor-tab-content elementor-clearfix\" data-tab=\"11\" role=\"region\" aria-labelledby=\"elementor-tab-title-57511\"><p>Donaci\u00f3 de 170 ordinadors, material escolar i 200.000 beques menjador.<\/p><\/div>\n\t\t\t\t<\/div>\n\t\t\t\t\t\t\t\t<\/div>\n\t\t\t\t\t\t<\/div>\n\t\t\t\t<\/div>\n\t\t\t\t\t<\/div>\n\t\t\t\t<\/div>\n\t\t<div class=\"elementor-element elementor-element-d5a91f8 e-con-full e-flex e-con e-parent\" data-id=\"d5a91f8\" data-element_type=\"container\">\n\t\t\t\t<div class=\"elementor-element elementor-element-972744c elementor-widget elementor-widget-spacer\" data-id=\"972744c\" data-element_type=\"widget\" data-widget_type=\"spacer.default\">\n\t\t\t\t<div class=\"elementor-widget-container\">\n\t\t\t\t\t\t\t<div class=\"elementor-spacer\">\n\t\t\t<div class=\"elementor-spacer-inner\"><\/div>\n\t\t<\/div>\n\t\t\t\t\t\t<\/div>\n\t\t\t\t<\/div>\n\t\t\t\t<\/div>\n\t\t<div class=\"elementor-element elementor-element-c169e48 e-flex e-con-boxed e-con e-parent\" data-id=\"c169e48\" data-element_type=\"container\">\n\t\t\t\t\t<div class=\"e-con-inner\">\n\t\t\t\t<div class=\"elementor-element elementor-element-59c8971 elementor-widget elementor-widget-heading\" data-id=\"59c8971\" data-element_type=\"widget\" data-widget_type=\"heading.default\">\n\t\t\t\t<div class=\"elementor-widget-container\">\n\t\t\t\t\t<h3 class=\"elementor-heading-title elementor-size-default\">Informaci\u00f3 d'inter\u00e8s<\/h3>\t\t\t\t<\/div>\n\t\t\t\t<\/div>\n\t\t\t\t\t<\/div>\n\t\t\t\t<\/div>\n\t\t<div class=\"elementor-element elementor-element-0e2166a e-con-full e-flex e-con e-parent\" data-id=\"0e2166a\" data-element_type=\"container\">\n\t\t\t\t<div class=\"elementor-element elementor-element-cd2f518 elementor-widget elementor-widget-spacer\" data-id=\"cd2f518\" data-element_type=\"widget\" data-widget_type=\"spacer.default\">\n\t\t\t\t<div class=\"elementor-widget-container\">\n\t\t\t\t\t\t\t<div class=\"elementor-spacer\">\n\t\t\t<div class=\"elementor-spacer-inner\"><\/div>\n\t\t<\/div>\n\t\t\t\t\t\t<\/div>\n\t\t\t\t<\/div>\n\t\t\t\t<\/div>\n\t\t<div class=\"elementor-element elementor-element-074f68b grid col-4 e-flex e-con-boxed e-con e-parent\" data-id=\"074f68b\" data-element_type=\"container\">\n\t\t\t\t\t<div class=\"e-con-inner\">\n\t\t<div class=\"elementor-element elementor-element-d371fc8 e-con-full e-flex e-con e-child\" data-id=\"d371fc8\" data-element_type=\"container\">\n\t\t\t\t<div class=\"elementor-element elementor-element-fd95cc5 elementor-widget elementor-widget-heading\" data-id=\"fd95cc5\" data-element_type=\"widget\" data-widget_type=\"heading.default\">\n\t\t\t\t<div class=\"elementor-widget-container\">\n\t\t\t\t\t<div class=\"elementor-heading-title elementor-size-default\">Presentaci\u00f3<\/div>\t\t\t\t<\/div>\n\t\t\t\t<\/div>\n\t\t\t\t<div class=\"elementor-element elementor-element-570620f elementor-view-default elementor-widget elementor-widget-icon\" data-id=\"570620f\" data-element_type=\"widget\" data-widget_type=\"icon.default\">\n\t\t\t\t<div class=\"elementor-widget-container\">\n\t\t\t\t\t\t\t<div class=\"elementor-icon-wrapper\">\n\t\t\t<div class=\"elementor-icon\">\n\t\t\t<i aria-hidden=\"true\" class=\"oficina oficina-archivo-pdf\"><\/i>\t\t\t<\/div>\n\t\t<\/div>\n\t\t\t\t\t\t<\/div>\n\t\t\t\t<\/div>\n\t\t\t\t<div class=\"elementor-element elementor-element-59a3f7e elementor-align-center elementor-widget elementor-widget-button\" data-id=\"59a3f7e\" data-element_type=\"widget\" data-widget_type=\"button.default\">\n\t\t\t\t<div class=\"elementor-widget-container\">\n\t\t\t\t\t\t\t\t\t<div class=\"elementor-button-wrapper\">\n\t\t\t\t\t<a class=\"elementor-button elementor-button-link elementor-size-sm\" href=\"https:\/\/stproportalcorporativo.blob.core.windows.net\/uploads\/2023\/08\/Presentacion-asamblea-2023-1.pdf\" target=\"_blank\" rel=\"noopener\">\n\t\t\t\t\t\t<span class=\"elementor-button-content-wrapper\">\n\t\t\t\t\t\t\t\t\t<span class=\"elementor-button-text\">Per saber-ne m\u00e9s<\/span>\n\t\t\t\t\t<\/span>\n\t\t\t\t\t<\/a>\n\t\t\t\t<\/div>\n\t\t\t\t\t\t\t\t<\/div>\n\t\t\t\t<\/div>\n\t\t\t\t<\/div>\n\t\t<div class=\"elementor-element elementor-element-c022b39 e-con-full e-flex e-con e-child\" data-id=\"c022b39\" data-element_type=\"container\">\n\t\t\t\t<div class=\"elementor-element elementor-element-729451d elementor-widget elementor-widget-heading\" data-id=\"729451d\" data-element_type=\"widget\" data-widget_type=\"heading.default\">\n\t\t\t\t<div class=\"elementor-widget-container\">\n\t\t\t\t\t<div class=\"elementor-heading-title elementor-size-default\">Mem\u00f2ria d\u2019activitats<\/div>\t\t\t\t<\/div>\n\t\t\t\t<\/div>\n\t\t\t\t<div class=\"elementor-element elementor-element-fad7c89 elementor-view-default elementor-widget elementor-widget-icon\" data-id=\"fad7c89\" data-element_type=\"widget\" data-widget_type=\"icon.default\">\n\t\t\t\t<div class=\"elementor-widget-container\">\n\t\t\t\t\t\t\t<div class=\"elementor-icon-wrapper\">\n\t\t\t<div class=\"elementor-icon\">\n\t\t\t<i aria-hidden=\"true\" class=\"oficina oficina-archivo-pdf\"><\/i>\t\t\t<\/div>\n\t\t<\/div>\n\t\t\t\t\t\t<\/div>\n\t\t\t\t<\/div>\n\t\t\t\t<div class=\"elementor-element elementor-element-fb1c18e elementor-align-center elementor-widget elementor-widget-button\" data-id=\"fb1c18e\" data-element_type=\"widget\" data-widget_type=\"button.default\">\n\t\t\t\t<div class=\"elementor-widget-container\">\n\t\t\t\t\t\t\t\t\t<div class=\"elementor-button-wrapper\">\n\t\t\t\t\t<a class=\"elementor-button elementor-button-link elementor-size-sm\" href=\"https:\/\/stproportalcorporativo.blob.core.windows.net\/uploads\/2023\/03\/memoria-actividades-2021-firmas.pdf\" target=\"_blank\" rel=\"noopener\">\n\t\t\t\t\t\t<span class=\"elementor-button-content-wrapper\">\n\t\t\t\t\t\t\t\t\t<span class=\"elementor-button-text\">Per saber-ne m\u00e9s<\/span>\n\t\t\t\t\t<\/span>\n\t\t\t\t\t<\/a>\n\t\t\t\t<\/div>\n\t\t\t\t\t\t\t\t<\/div>\n\t\t\t\t<\/div>\n\t\t\t\t<\/div>\n\t\t<div class=\"elementor-element elementor-element-62c7cec e-con-full e-flex e-con e-child\" data-id=\"62c7cec\" data-element_type=\"container\">\n\t\t\t\t<div class=\"elementor-element elementor-element-0e9f0d6 elementor-widget elementor-widget-heading\" data-id=\"0e9f0d6\" data-element_type=\"widget\" data-widget_type=\"heading.default\">\n\t\t\t\t<div class=\"elementor-widget-container\">\n\t\t\t\t\t<div class=\"elementor-heading-title elementor-size-default\">Comptes anuals<\/div>\t\t\t\t<\/div>\n\t\t\t\t<\/div>\n\t\t\t\t<div class=\"elementor-element elementor-element-6a68b1f elementor-view-default elementor-widget elementor-widget-icon\" data-id=\"6a68b1f\" data-element_type=\"widget\" data-widget_type=\"icon.default\">\n\t\t\t\t<div class=\"elementor-widget-container\">\n\t\t\t\t\t\t\t<div class=\"elementor-icon-wrapper\">\n\t\t\t<div class=\"elementor-icon\">\n\t\t\t<i aria-hidden=\"true\" class=\"oficina oficina-archivo-pdf\"><\/i>\t\t\t<\/div>\n\t\t<\/div>\n\t\t\t\t\t\t<\/div>\n\t\t\t\t<\/div>\n\t\t\t\t<div class=\"elementor-element elementor-element-139c5ee elementor-align-center elementor-widget elementor-widget-button\" data-id=\"139c5ee\" data-element_type=\"widget\" data-widget_type=\"button.default\">\n\t\t\t\t<div class=\"elementor-widget-container\">\n\t\t\t\t\t\t\t\t\t<div class=\"elementor-button-wrapper\">\n\t\t\t\t\t<a class=\"elementor-button elementor-button-link elementor-size-sm\" href=\"https:\/\/stproportalcorporativo.blob.core.windows.net\/uploads\/2023\/03\/CCAA21_Asociacion-dia-solidario.pdf\" target=\"_blank\" rel=\"noopener\">\n\t\t\t\t\t\t<span class=\"elementor-button-content-wrapper\">\n\t\t\t\t\t\t\t\t\t<span class=\"elementor-button-text\">Per saber-ne m\u00e9s<\/span>\n\t\t\t\t\t<\/span>\n\t\t\t\t\t<\/a>\n\t\t\t\t<\/div>\n\t\t\t\t\t\t\t\t<\/div>\n\t\t\t\t<\/div>\n\t\t\t\t<\/div>\n\t\t\t\t\t<\/div>\n\t\t\t\t<\/div>\n\t\t<div class=\"elementor-element elementor-element-f698789 e-con-full e-flex e-con e-parent\" data-id=\"f698789\" data-element_type=\"container\">\n\t\t\t\t<div class=\"elementor-element elementor-element-b7e9b8a elementor-widget elementor-widget-spacer\" data-id=\"b7e9b8a\" data-element_type=\"widget\" data-widget_type=\"spacer.default\">\n\t\t\t\t<div class=\"elementor-widget-container\">\n\t\t\t\t\t\t\t<div class=\"elementor-spacer\">\n\t\t\t<div class=\"elementor-spacer-inner\"><\/div>\n\t\t<\/div>\n\t\t\t\t\t\t<\/div>\n\t\t\t\t<\/div>\n\t\t\t\t<\/div>\n\t\t<div class=\"elementor-element elementor-element-e811864 e-flex e-con-boxed e-con e-parent\" data-id=\"e811864\" data-element_type=\"container\">\n\t\t\t\t\t<div class=\"e-con-inner\">\n\t\t\t\t<div class=\"elementor-element elementor-element-b81be25 elementor-widget elementor-widget-heading\" data-id=\"b81be25\" data-element_type=\"widget\" data-widget_type=\"heading.default\">\n\t\t\t\t<div class=\"elementor-widget-container\">\n\t\t\t\t\t<h3 class=\"elementor-heading-title elementor-size-default\">Contacte<\/h3>\t\t\t\t<\/div>\n\t\t\t\t<\/div>\n\t\t\t\t<div class=\"elementor-element elementor-element-6510c86 elementor-widget elementor-widget-text-editor\" data-id=\"6510c86\" data-element_type=\"widget\" data-widget_type=\"text-editor.default\">\n\t\t\t\t<div class=\"elementor-widget-container\">\n\t\t\t\t\t\t\t\t\t<p><strong> Associaci\u00f3 DIA SOLIDARI \u00a0<\/strong><\/p><p>Avda. de Am\u00e9rica, 38<\/p><p>Madrid (28028)<\/p><p><a href=\"mailto:diasolidario@naturgy.com\">diasolidario@naturgy.com<\/a><\/p>\t\t\t\t\t\t\t\t<\/div>\n\t\t\t\t<\/div>\n\t\t\t\t\t<\/div>\n\t\t\t\t<\/div>\n\t\t<div class=\"elementor-element elementor-element-ff77189 e-con-full e-flex e-con e-parent\" data-id=\"ff77189\" data-element_type=\"container\">\n\t\t\t\t<div class=\"elementor-element elementor-element-7518deb elementor-widget elementor-widget-spacer\" data-id=\"7518deb\" data-element_type=\"widget\" data-widget_type=\"spacer.default\">\n\t\t\t\t<div class=\"elementor-widget-container\">\n\t\t\t\t\t\t\t<div class=\"elementor-spacer\">\n\t\t\t<div class=\"elementor-spacer-inner\"><\/div>\n\t\t<\/div>\n\t\t\t\t\t\t<\/div>\n\t\t\t\t<\/div>\n\t\t\t\t<\/div>\n\t\t\t\t<\/div>\n\t\t","protected":false},"excerpt":{"rendered":"<p>Dia Solidari \u00e9s una associaci\u00f3 sense \u00e0nim de lucre, legalment constitu\u00efda i inscrita en el Registre d\u2019Associacions d\u2019Espanya, creada el 1997 pels\u00a0nostres empleats\u00a0i que t\u00e9 com a finalitat social el foment de l\u2019educaci\u00f3 de la infantesa i la joventut\u00a0i la\u00a0millora de les condicions de vida de les comunitats m\u00e9s desfavorides\u00a0als pa\u00efsos on Gas Natural Fenosa [&hellip;]<\/p>\n","protected":false},"author":5,"featured_media":0,"parent":41533,"menu_order":3,"comment_status":"closed","ping_status":"closed","template":"","meta":{"_acf_changed":false,"footnotes":""},"class_list":["post-41621","page","type-page","status-publish","hentry"],"acf":[],"_links":{"self":[{"href":"https:\/\/www.naturgy.com\/ca\/wp-json\/wp\/v2\/pages\/41621","targetHints":{"allow":["GET"]}}],"collection":[{"href":"https:\/\/www.naturgy.com\/ca\/wp-json\/wp\/v2\/pages"}],"about":[{"href":"https:\/\/www.naturgy.com\/ca\/wp-json\/wp\/v2\/types\/page"}],"author":[{"embeddable":true,"href":"https:\/\/www.naturgy.com\/ca\/wp-json\/wp\/v2\/users\/5"}],"replies":[{"embeddable":true,"href":"https:\/\/www.naturgy.com\/ca\/wp-json\/wp\/v2\/comments?post=41621"}],"version-history":[{"count":19,"href":"https:\/\/www.naturgy.com\/ca\/wp-json\/wp\/v2\/pages\/41621\/revisions"}],"predecessor-version":[{"id":121093,"href":"https:\/\/www.naturgy.com\/ca\/wp-json\/wp\/v2\/pages\/41621\/revisions\/121093"}],"up":[{"embeddable":true,"href":"https:\/\/www.naturgy.com\/ca\/wp-json\/wp\/v2\/pages\/41533"}],"wp:attachment":[{"href":"https:\/\/www.naturgy.com\/ca\/wp-json\/wp\/v2\/media?parent=41621"}],"curies":[{"name":"wp","href":"https:\/\/api.w.org\/{rel}","templated":true}]}}